{"id":1648,"date":"2024-02-06T08:00:17","date_gmt":"2024-02-06T07:00:17","guid":{"rendered":"https:\/\/www.tranasskolmobler.se\/?post_type=products&#038;p=1648"},"modified":"2026-02-11T17:36:11","modified_gmt":"2026-02-11T15:36:11","slug":"atlas-2111lk","status":"publish","type":"products","link":"https:\/\/dev.yellon.se\/sonobrands\/tranas-skolmobler\/product\/atlas-2111lk\/","title":{"rendered":"Atlas 2111LK"},"content":{"rendered":"","protected":false},"template":"","product_cat":[140,6],"acf":{"enable_advanced_product_template":true,"product_image":{"featured_image":1652,"gallery_images":[{"image":1651},{"image":1650},{"image":1649},{"image":2018},{"image":2019},{"image":2020},{"image":2021},{"image":2022},{"image":2023}]},"product_description":"Stapelbar karmstol Atlas 2111LK \u00e4r designad med flera funktioner f\u00f6r att erbjuda optimal h\u00e5llbarhet och anv\u00e4ndarv\u00e4nlighet.\r\nAtlas har formpressad sits och rygg belagd med h\u00f6gtryckslaminat, som \u00e4r sk\u00e5lad och har fasade kanter med en rundad design. Detta ger ett mjukt intryck och ger maximal ergonomi. Sitsen och ryggen har f\u00f6rs\u00e4nkta skruvar, vilket inte bara g\u00f6r det enkelt att byta ut dessa delar vid behov utan ocks\u00e5 f\u00f6rhindrar att h\u00e5r fastnar, vilket \u00f6kar komforten och anv\u00e4ndarupplevelsen.\r\nF\u00f6r att s\u00e4kerst\u00e4lla b\u00e4sta h\u00e5llbarhet \u00e4r ryggdistansen som ocks\u00e5 kan anv\u00e4ndas som v\u00e4skkrok tillverkad i aluminium samt att r\u00f6ravslutet \u00e4r inlackerat, vilket f\u00f6rhindrar att den kan tas bort.\r\nStolen kan h\u00e4ngas upp p\u00e5 armst\u00f6den, vilket frig\u00f6r golvyta och underl\u00e4ttar st\u00e4dning. Armst\u00f6den \u00f6r bekl\u00e4dda med termoplastiskt gummi vilket ger en bra upph\u00e4ngningsf\u00f6rm\u00e5ga och skyddar ytor fr\u00e5n repor och skador. Golvskydden \u00e4r ledade och ger b\u00e4sta m\u00f6jliga anl\u00e4ggningsyta mot golvet, vilket f\u00f6rhindrar att stolen vinglar och skyddar golvet fr\u00e5n m\u00e4rken.\r\nStolen \u00e4r en del av en st\u00f6rre produktfamilj, vilket m\u00f6jligg\u00f6r en r\u00f6d tr\u00e5d genom hela inredningen och skapar en enhetlig och stilren design i olika milj\u00f6er.","designer":"Patrik Bengtsson & Pierre Sindre","product_data_real":{"expandable_colors":{"order":2,"color_row_heading":"F\u00e4rger","colors":[{"actual_colors_row_heading":"Sits och rygg ljus eklaminat","row_colors":[{"image_of_color":1799}]},{"actual_colors_row_heading":"RAL5009, RAL6034, RAL6021, RAL1018","row_colors":[{"image_of_color":1801},{"image_of_color":1800},{"image_of_color":1802},{"image_of_color":1803}]},{"actual_colors_row_heading":"RAL6015, RAL7043, RAL9003, RAL3016","row_colors":[{"image_of_color":1804},{"image_of_color":1805},{"image_of_color":1806},{"image_of_color":1807}]}]},"expandable_row":[{"expandable_heading":"M\u00e5tt","advanced_row":false,"allow_favorites":false,"plain_test_content":false,"content":"","row_content":[{"label":"Sitsbredd","value":"380 mm"},{"label":"Sitsdjup","value":"400 mm"},{"label":"Sitth\u00f6jd","value":"440 mm"},{"label":"Bredd","value":"530 mm"},{"label":"Djup","value":"490 mm"},{"label":"H\u00f6jd","value":"805 mm"},{"label":"Vikt","value":"5,6 kg"}],"advance_row_content":null},{"expandable_heading":"Material","advanced_row":false,"allow_favorites":false,"plain_test_content":false,"content":"","row_content":[{"label":"Sits och rygg","value":"H\u00f6gtryckslaminat"},{"label":"Stativ","value":"Pulverlackerat st\u00e5lstativ"}],"advance_row_content":null}],"documents":[{"file":"","link":{"title":"Atlas Svenska","url":"https:\/\/ipaper.ipapercms.dk\/SonoGroup\/tranaas-skolmobler\/atlas\/","target":"_blank"}},{"file":"","link":{"title":"Atlas English","url":"https:\/\/ipaper.ipapercms.dk\/SonoGroup\/tranaas-skolmobler\/atlas-english\/?page=1","target":"_blank"}},{"file":"","link":{"title":"Dwg","url":"https:\/\/catalogs.pcon-solutions.com\/#\/brands\/o-a64c89a3a77c4072993b1349d1a144b6\/catalog?c=c-15eb957236f64d97b861406a265f6bbc","target":"_blank"}},{"file":"","link":{"title":"M\u00f6belfakta","url":"https:\/\/products.mobelfakta.se\/Details.html?id=4237","target":""}}]},"product_block":[{"acf_fc_layout":"content_block","order":"media-content","heading":"Detaljer med finess","content_background_color":"bg--accent","media_type":"image","embed_url":"","autoplay":false,"video":null,"image":452},{"acf_fc_layout":"content_block","order":"content-media","heading":"Stapelbar","content_background_color":"bg--accent","media_type":"image","embed_url":"","autoplay":false,"video":null,"image":2016},{"acf_fc_layout":"content_block","order":"media-content","heading":"1, 2, 3","content_background_color":"bg--accent","media_type":"image","embed_url":"","autoplay":false,"video":null,"image":2017}],"full_width_media":{"hide_module":false,"":null,"media_type":"image","media_size":"full","image":"","video":null,"embed_url":"","content_layout":"default","heading":"","content":"","link_target":""},"related_products":{"heading":"Relaterade produkter","products":[231,298,289]},"more_related_products":{"heading":"Funkar bra med...","products":[249,248]},"search_keywords":"2111\r\n2111lk\r\nliten karm\r\nkarmstol\r\nelevstol\r\nmatsalsstol\r\n"},"yoast_head":"<!-- This site is optimized with the Yoast SEO plugin v21.6 - https:\/\/yoast.com\/wordpress\/plugins\/seo\/ -->\n<title>Atlas 2111LK - Tran\u00e5s Skolm\u00f6bler<\/title>\n<meta name=\"robots\" content=\"index, follow, max-snippet:-1, max-image-preview:large, max-video-preview:-1\" \/>\n<link rel=\"canonical\" href=\"https:\/\/dev.yellon.se\/sonobrands\/tranas-skolmobler\/product\/atlas-2111lk\/\" \/>\n<meta property=\"og:locale\" content=\"en_US\" \/>\n<meta property=\"og:type\" content=\"article\" \/>\n<meta property=\"og:title\" content=\"Atlas 2111LK - Tran\u00e5s Skolm\u00f6bler\" \/>\n<meta property=\"og:url\" content=\"https:\/\/dev.yellon.se\/sonobrands\/tranas-skolmobler\/product\/atlas-2111lk\/\" \/>\n<meta property=\"og:site_name\" content=\"Tran\u00e5s Skolm\u00f6bler\" \/>\n<meta property=\"article:modified_time\" content=\"2026-02-11T15:36:11+00:00\" \/>\n<meta name=\"twitter:card\" content=\"summary_large_image\" \/>\n<meta name=\"twitter:label1\" content=\"Est. reading time\" \/>\n\t<meta name=\"twitter:data1\" content=\"6 minutes\" \/>\n<script type=\"application\/ld+json\" class=\"yoast-schema-graph\">{\"@context\":\"https:\/\/schema.org\",\"@graph\":[{\"@type\":\"WebPage\",\"@id\":\"https:\/\/dev.yellon.se\/sonobrands\/tranas-skolmobler\/product\/atlas-2111lk\/\",\"url\":\"https:\/\/dev.yellon.se\/sonobrands\/tranas-skolmobler\/product\/atlas-2111lk\/\",\"name\":\"Atlas 2111LK - Tran\u00e5s Skolm\u00f6bler\",\"isPartOf\":{\"@id\":\"https:\/\/dev.yellon.se\/sonobrands\/tranas-skolmobler\/#website\"},\"datePublished\":\"2024-02-06T07:00:17+00:00\",\"dateModified\":\"2026-02-11T15:36:11+00:00\",\"breadcrumb\":{\"@id\":\"https:\/\/dev.yellon.se\/sonobrands\/tranas-skolmobler\/product\/atlas-2111lk\/#breadcrumb\"},\"inLanguage\":\"en-US\",\"potentialAction\":[{\"@type\":\"ReadAction\",\"target\":[\"https:\/\/dev.yellon.se\/sonobrands\/tranas-skolmobler\/product\/atlas-2111lk\/\"]}]},{\"@type\":\"BreadcrumbList\",\"@id\":\"https:\/\/dev.yellon.se\/sonobrands\/tranas-skolmobler\/product\/atlas-2111lk\/#breadcrumb\",\"itemListElement\":[{\"@type\":\"ListItem\",\"position\":1,\"name\":\"Home\",\"item\":\"https:\/\/dev.yellon.se\/sonobrands\/tranas-skolmobler\/\"},{\"@type\":\"ListItem\",\"position\":2,\"name\":\"Atlas 2111LK\"}]},{\"@type\":\"WebSite\",\"@id\":\"https:\/\/dev.yellon.se\/sonobrands\/tranas-skolmobler\/#website\",\"url\":\"https:\/\/dev.yellon.se\/sonobrands\/tranas-skolmobler\/\",\"name\":\"Tran\u00e5s Skolm\u00f6bler\",\"description\":\"Sono Brands\",\"potentialAction\":[{\"@type\":\"SearchAction\",\"target\":{\"@type\":\"EntryPoint\",\"urlTemplate\":\"https:\/\/dev.yellon.se\/sonobrands\/tranas-skolmobler\/?s={search_term_string}\"},\"query-input\":\"required name=search_term_string\"}],\"inLanguage\":\"en-US\"}]}<\/script>\n<!-- \/ Yoast SEO plugin. -->","yoast_head_json":{"title":"Atlas 2111LK - Tran\u00e5s Skolm\u00f6bler","robots":{"index":"index","follow":"follow","max-snippet":"max-snippet:-1","max-image-preview":"max-image-preview:large","max-video-preview":"max-video-preview:-1"},"canonical":"https:\/\/dev.yellon.se\/sonobrands\/tranas-skolmobler\/product\/atlas-2111lk\/","og_locale":"en_US","og_type":"article","og_title":"Atlas 2111LK - Tran\u00e5s Skolm\u00f6bler","og_url":"https:\/\/dev.yellon.se\/sonobrands\/tranas-skolmobler\/product\/atlas-2111lk\/","og_site_name":"Tran\u00e5s Skolm\u00f6bler","article_modified_time":"2026-02-11T15:36:11+00:00","twitter_card":"summary_large_image","twitter_misc":{"Est. reading time":"6 minutes"},"schema":{"@context":"https:\/\/schema.org","@graph":[{"@type":"WebPage","@id":"https:\/\/dev.yellon.se\/sonobrands\/tranas-skolmobler\/product\/atlas-2111lk\/","url":"https:\/\/dev.yellon.se\/sonobrands\/tranas-skolmobler\/product\/atlas-2111lk\/","name":"Atlas 2111LK - Tran\u00e5s Skolm\u00f6bler","isPartOf":{"@id":"https:\/\/dev.yellon.se\/sonobrands\/tranas-skolmobler\/#website"},"datePublished":"2024-02-06T07:00:17+00:00","dateModified":"2026-02-11T15:36:11+00:00","breadcrumb":{"@id":"https:\/\/dev.yellon.se\/sonobrands\/tranas-skolmobler\/product\/atlas-2111lk\/#breadcrumb"},"inLanguage":"en-US","potentialAction":[{"@type":"ReadAction","target":["https:\/\/dev.yellon.se\/sonobrands\/tranas-skolmobler\/product\/atlas-2111lk\/"]}]},{"@type":"BreadcrumbList","@id":"https:\/\/dev.yellon.se\/sonobrands\/tranas-skolmobler\/product\/atlas-2111lk\/#breadcrumb","itemListElement":[{"@type":"ListItem","position":1,"name":"Home","item":"https:\/\/dev.yellon.se\/sonobrands\/tranas-skolmobler\/"},{"@type":"ListItem","position":2,"name":"Atlas 2111LK"}]},{"@type":"WebSite","@id":"https:\/\/dev.yellon.se\/sonobrands\/tranas-skolmobler\/#website","url":"https:\/\/dev.yellon.se\/sonobrands\/tranas-skolmobler\/","name":"Tran\u00e5s Skolm\u00f6bler","description":"Sono Brands","potentialAction":[{"@type":"SearchAction","target":{"@type":"EntryPoint","urlTemplate":"https:\/\/dev.yellon.se\/sonobrands\/tranas-skolmobler\/?s={search_term_string}"},"query-input":"required name=search_term_string"}],"inLanguage":"en-US"}]}},"featured_img_src":"https:\/\/dev.yellon.se\/sonobrands\/tranas-skolmobler\/wp-content\/uploads\/2024\/01\/Atlas_2111_Eklaminat_9003.jpg","_links":{"self":[{"href":"https:\/\/dev.yellon.se\/sonobrands\/tranas-skolmobler\/wp-json\/wp\/v2\/products\/1648"}],"collection":[{"href":"https:\/\/dev.yellon.se\/sonobrands\/tranas-skolmobler\/wp-json\/wp\/v2\/products"}],"about":[{"href":"https:\/\/dev.yellon.se\/sonobrands\/tranas-skolmobler\/wp-json\/wp\/v2\/types\/products"}],"wp:attachment":[{"href":"https:\/\/dev.yellon.se\/sonobrands\/tranas-skolmobler\/wp-json\/wp\/v2\/media?parent=1648"}],"wp:term":[{"taxonomy":"product_cat","embeddable":true,"href":"https:\/\/dev.yellon.se\/sonobrands\/tranas-skolmobler\/wp-json\/wp\/v2\/product_cat?post=1648"}],"curies":[{"name":"wp","href":"https:\/\/api.w.org\/{rel}","templated":true}]}}