{"id":1756,"date":"2024-05-06T08:00:29","date_gmt":"2024-05-06T07:00:29","guid":{"rendered":"https:\/\/www.tranasskolmobler.se\/?post_type=products&#038;p=1756"},"modified":"2025-10-06T10:28:28","modified_gmt":"2025-10-06T08:28:28","slug":"tarris-c-stativ-2","status":"publish","type":"products","link":"https:\/\/dev.yellon.se\/sonobrands\/tranas-skolmobler\/product\/tarris-c-stativ-2\/","title":{"rendered":"Tarris 5-fotskryss"},"content":{"rendered":"","protected":false},"template":"","product_cat":[137,6],"acf":{"enable_advanced_product_template":true,"product_image":{"featured_image":1878,"gallery_images":[{"image":1782},{"image":1785},{"image":1784},{"image":1771}]},"product_description":"Stol Tarris med plast skal och med 5- fotkyss i svart plast, p\u00e5 hjul eller glidf\u00f6tter.\r\nFinns i 2 storlekar p\u00e5 skal f\u00f6r barn och vuxen.\r\nKan h\u00e4ngas upp p\u00e5 bordsskivan med integrerad upph\u00e4ngning.\r\n\r\nFinns med 3D funktion f\u00f6r optimal ergonomi.","designer":"","product_data_real":{"expandable_colors":{"order":2,"color_row_heading":"F\u00e4rger","colors":[{"actual_colors_row_heading":"Sittskal Svart, Vit, Gr\u00e5 M\u00f6rkbl\u00e5, Turkos, Olivgr\u00f6n R\u00f6d","row_colors":[{"image_of_color":1814},{"image_of_color":1816},{"image_of_color":1830}]},{"actual_colors_row_heading":"M\u00f6rkbl\u00e5, Turkos, Olivgr\u00f6n R\u00f6d","row_colors":[{"image_of_color":1831},{"image_of_color":1834},{"image_of_color":1832},{"image_of_color":1833}]}]},"expandable_row":[{"expandable_heading":"Varianter","advanced_row":true,"allow_favorites":true,"plain_test_content":false,"content":"","row_content":[{"label":"Sitsbredd","value":"430 mm"},{"label":"Sitsdjup","value":"425 mm"},{"label":"Sitth\u00f6jd","value":"465-595 mm (3D 410-510 mm)"},{"label":"Bredd","value":"640 mm"},{"label":"Djup","value":"640 mm"},{"label":"H\u00f6jd","value":"815-945mm"},{"label":"Vikt","value":"6.7 kg "}],"advance_row_content":[{"columns":[{"column_content":"Modell","column_image":""},{"column_content":"Variant","column_image":""},{"column_content":"Bredd","column_image":""},{"column_content":"Djup","column_image":""},{"column_content":"H\u00f6jd","column_image":""},{"column_content":"S.bredd","column_image":""},{"column_content":"S.djup","column_image":""},{"column_content":"S.h\u00f6jd","column_image":""},{"column_content":"Vikt","column_image":""}]},{"columns":[{"column_content":"","column_image":1878},{"column_content":"Vuxen","column_image":""},{"column_content":"640","column_image":""},{"column_content":"640","column_image":""},{"column_content":"816-945","column_image":""},{"column_content":"430","column_image":""},{"column_content":"425","column_image":""},{"column_content":"465-595","column_image":""},{"column_content":"6,7","column_image":""}]},{"columns":[{"column_content":"","column_image":1878},{"column_content":"Vuxen 3D","column_image":""},{"column_content":"640","column_image":""},{"column_content":"640","column_image":""},{"column_content":"815-945","column_image":""},{"column_content":"430","column_image":""},{"column_content":"425","column_image":""},{"column_content":"410-510","column_image":""},{"column_content":"6,7 ","column_image":""}]},{"columns":[{"column_content":"","column_image":1878},{"column_content":"Junior","column_image":""},{"column_content":"640","column_image":""},{"column_content":"640","column_image":""},{"column_content":"660-740","column_image":""},{"column_content":"360","column_image":""},{"column_content":"320","column_image":""},{"column_content":"410-540","column_image":""},{"column_content":"4,4","column_image":""}]}]},{"expandable_heading":"Tillbeh\u00f6r","advanced_row":true,"allow_favorites":true,"plain_test_content":false,"content":"","row_content":[{"label":"Sits och rygg","value":"Plast skal"},{"label":"Stativ","value":"Svart plastkryss"}],"advance_row_content":[{"columns":[{"column_content":"Tillbeh\u00f6r","column_image":""},{"column_content":"Artikelnr","column_image":""},{"column_content":"Diameter","column_image":""}]},{"columns":[{"column_content":"Fotring","column_image":2532},{"column_content":"L000184-R","column_image":""},{"column_content":"430 mm","column_image":""}]}]},{"expandable_heading":"Material","advanced_row":false,"allow_favorites":false,"plain_test_content":false,"content":"","row_content":[{"label":"Sits och rygg","value":"Plast skal"},{"label":"Stativ","value":"Svart plastkryss"}],"advance_row_content":null},{"expandable_heading":"Certifikat","advanced_row":false,"allow_favorites":false,"plain_test_content":false,"content":"","row_content":[{"label":"Tester","value":" EN 1729-2:2012 + A1:2016 "}],"advance_row_content":null}],"documents":[{"file":"","link":{"title":"Broschyr Tarris Svenska","url":"https:\/\/ipaper.ipapercms.dk\/SonoGroup\/tranaas-skolmobler\/tarris\/","target":"_blank"}},{"file":"","link":{"title":"Assemblyinstruction_Tarris","url":"https:\/\/ipaper.ipapercms.dk\/SonoGroup\/tranaas-skolmobler\/monteringsanvisningar\/tarris-krysstativ\/","target":"_blank"}}]},"product_block":[{"acf_fc_layout":"content_block","order":"content-media","heading":"V\u00e4lj bland flera olika underreden","content_background_color":"bg--primary","media_type":"file","embed_url":"","autoplay":true,"video":2026,"image":null},{"acf_fc_layout":"large_media","media_type":"image","image":1759,"embed_url":"","autoplay":false,"video":null,"content":""},{"acf_fc_layout":"content_block","order":"content-media","heading":"Familj","content_background_color":"bg--secondary","media_type":"image","embed_url":"","autoplay":false,"video":null,"image":1753},{"acf_fc_layout":"content_block","order":"media-content","heading":"","content_background_color":"bg--primary","media_type":"image","embed_url":"","autoplay":true,"video":2024,"image":2034},{"acf_fc_layout":"content_block","order":"content-media","heading":"Smidig upph\u00e4ngning","content_background_color":"bg--primary","media_type":"image","embed_url":"","autoplay":true,"video":2025,"image":2029}],"full_width_media":{"hide_module":true,"":null,"media_type":"mp4","media_size":"constrain","image":1727,"video":"","embed_url":"","content_layout":"default","heading":"","content":"","link_target":""},"related_products":{"heading":"Relaterade produkter","products":[1717,1723]},"more_related_products":{"heading":"Funkar bra med...","products":[252,253,254]},"search_keywords":"L000\r\nL0001\r\ntarris 3d\r\n3d\r\nstol med hjul\r\nstol med glidfot\r\nelevstol\r\nplaststol"},"yoast_head":"<!-- This site is optimized with the Yoast SEO plugin v21.6 - https:\/\/yoast.com\/wordpress\/plugins\/seo\/ -->\n<title>Tarris 5-fotskryss - Tran\u00e5s Skolm\u00f6bler<\/title>\n<meta name=\"robots\" content=\"index, follow, max-snippet:-1, max-image-preview:large, max-video-preview:-1\" \/>\n<link rel=\"canonical\" href=\"https:\/\/dev.yellon.se\/sonobrands\/tranas-skolmobler\/product\/tarris-c-stativ-2\/\" \/>\n<meta property=\"og:locale\" content=\"en_US\" \/>\n<meta property=\"og:type\" content=\"article\" \/>\n<meta property=\"og:title\" content=\"Tarris 5-fotskryss - Tran\u00e5s Skolm\u00f6bler\" \/>\n<meta property=\"og:url\" content=\"https:\/\/dev.yellon.se\/sonobrands\/tranas-skolmobler\/product\/tarris-c-stativ-2\/\" \/>\n<meta property=\"og:site_name\" content=\"Tran\u00e5s Skolm\u00f6bler\" \/>\n<meta property=\"article:modified_time\" content=\"2025-10-06T08:28:28+00:00\" \/>\n<meta name=\"twitter:card\" content=\"summary_large_image\" \/>\n<meta name=\"twitter:label1\" content=\"Est. reading time\" \/>\n\t<meta name=\"twitter:data1\" content=\"5 minutes\" \/>\n<script type=\"application\/ld+json\" class=\"yoast-schema-graph\">{\"@context\":\"https:\/\/schema.org\",\"@graph\":[{\"@type\":\"WebPage\",\"@id\":\"https:\/\/dev.yellon.se\/sonobrands\/tranas-skolmobler\/product\/tarris-c-stativ-2\/\",\"url\":\"https:\/\/dev.yellon.se\/sonobrands\/tranas-skolmobler\/product\/tarris-c-stativ-2\/\",\"name\":\"Tarris 5-fotskryss - Tran\u00e5s Skolm\u00f6bler\",\"isPartOf\":{\"@id\":\"https:\/\/dev.yellon.se\/sonobrands\/tranas-skolmobler\/#website\"},\"datePublished\":\"2024-05-06T07:00:29+00:00\",\"dateModified\":\"2025-10-06T08:28:28+00:00\",\"breadcrumb\":{\"@id\":\"https:\/\/dev.yellon.se\/sonobrands\/tranas-skolmobler\/product\/tarris-c-stativ-2\/#breadcrumb\"},\"inLanguage\":\"en-US\",\"potentialAction\":[{\"@type\":\"ReadAction\",\"target\":[\"https:\/\/dev.yellon.se\/sonobrands\/tranas-skolmobler\/product\/tarris-c-stativ-2\/\"]}]},{\"@type\":\"BreadcrumbList\",\"@id\":\"https:\/\/dev.yellon.se\/sonobrands\/tranas-skolmobler\/product\/tarris-c-stativ-2\/#breadcrumb\",\"itemListElement\":[{\"@type\":\"ListItem\",\"position\":1,\"name\":\"Home\",\"item\":\"https:\/\/dev.yellon.se\/sonobrands\/tranas-skolmobler\/\"},{\"@type\":\"ListItem\",\"position\":2,\"name\":\"Tarris 5-fotskryss\"}]},{\"@type\":\"WebSite\",\"@id\":\"https:\/\/dev.yellon.se\/sonobrands\/tranas-skolmobler\/#website\",\"url\":\"https:\/\/dev.yellon.se\/sonobrands\/tranas-skolmobler\/\",\"name\":\"Tran\u00e5s Skolm\u00f6bler\",\"description\":\"Sono Brands\",\"potentialAction\":[{\"@type\":\"SearchAction\",\"target\":{\"@type\":\"EntryPoint\",\"urlTemplate\":\"https:\/\/dev.yellon.se\/sonobrands\/tranas-skolmobler\/?s={search_term_string}\"},\"query-input\":\"required name=search_term_string\"}],\"inLanguage\":\"en-US\"}]}<\/script>\n<!-- \/ Yoast SEO plugin. -->","yoast_head_json":{"title":"Tarris 5-fotskryss - Tran\u00e5s Skolm\u00f6bler","robots":{"index":"index","follow":"follow","max-snippet":"max-snippet:-1","max-image-preview":"max-image-preview:large","max-video-preview":"max-video-preview:-1"},"canonical":"https:\/\/dev.yellon.se\/sonobrands\/tranas-skolmobler\/product\/tarris-c-stativ-2\/","og_locale":"en_US","og_type":"article","og_title":"Tarris 5-fotskryss - Tran\u00e5s Skolm\u00f6bler","og_url":"https:\/\/dev.yellon.se\/sonobrands\/tranas-skolmobler\/product\/tarris-c-stativ-2\/","og_site_name":"Tran\u00e5s Skolm\u00f6bler","article_modified_time":"2025-10-06T08:28:28+00:00","twitter_card":"summary_large_image","twitter_misc":{"Est. reading time":"5 minutes"},"schema":{"@context":"https:\/\/schema.org","@graph":[{"@type":"WebPage","@id":"https:\/\/dev.yellon.se\/sonobrands\/tranas-skolmobler\/product\/tarris-c-stativ-2\/","url":"https:\/\/dev.yellon.se\/sonobrands\/tranas-skolmobler\/product\/tarris-c-stativ-2\/","name":"Tarris 5-fotskryss - Tran\u00e5s Skolm\u00f6bler","isPartOf":{"@id":"https:\/\/dev.yellon.se\/sonobrands\/tranas-skolmobler\/#website"},"datePublished":"2024-05-06T07:00:29+00:00","dateModified":"2025-10-06T08:28:28+00:00","breadcrumb":{"@id":"https:\/\/dev.yellon.se\/sonobrands\/tranas-skolmobler\/product\/tarris-c-stativ-2\/#breadcrumb"},"inLanguage":"en-US","potentialAction":[{"@type":"ReadAction","target":["https:\/\/dev.yellon.se\/sonobrands\/tranas-skolmobler\/product\/tarris-c-stativ-2\/"]}]},{"@type":"BreadcrumbList","@id":"https:\/\/dev.yellon.se\/sonobrands\/tranas-skolmobler\/product\/tarris-c-stativ-2\/#breadcrumb","itemListElement":[{"@type":"ListItem","position":1,"name":"Home","item":"https:\/\/dev.yellon.se\/sonobrands\/tranas-skolmobler\/"},{"@type":"ListItem","position":2,"name":"Tarris 5-fotskryss"}]},{"@type":"WebSite","@id":"https:\/\/dev.yellon.se\/sonobrands\/tranas-skolmobler\/#website","url":"https:\/\/dev.yellon.se\/sonobrands\/tranas-skolmobler\/","name":"Tran\u00e5s Skolm\u00f6bler","description":"Sono Brands","potentialAction":[{"@type":"SearchAction","target":{"@type":"EntryPoint","urlTemplate":"https:\/\/dev.yellon.se\/sonobrands\/tranas-skolmobler\/?s={search_term_string}"},"query-input":"required name=search_term_string"}],"inLanguage":"en-US"}]}},"featured_img_src":"https:\/\/dev.yellon.se\/sonobrands\/tranas-skolmobler\/wp-content\/uploads\/2024\/05\/tarris.jpg","_links":{"self":[{"href":"https:\/\/dev.yellon.se\/sonobrands\/tranas-skolmobler\/wp-json\/wp\/v2\/products\/1756"}],"collection":[{"href":"https:\/\/dev.yellon.se\/sonobrands\/tranas-skolmobler\/wp-json\/wp\/v2\/products"}],"about":[{"href":"https:\/\/dev.yellon.se\/sonobrands\/tranas-skolmobler\/wp-json\/wp\/v2\/types\/products"}],"wp:attachment":[{"href":"https:\/\/dev.yellon.se\/sonobrands\/tranas-skolmobler\/wp-json\/wp\/v2\/media?parent=1756"}],"wp:term":[{"taxonomy":"product_cat","embeddable":true,"href":"https:\/\/dev.yellon.se\/sonobrands\/tranas-skolmobler\/wp-json\/wp\/v2\/product_cat?post=1756"}],"curies":[{"name":"wp","href":"https:\/\/api.w.org\/{rel}","templated":true}]}}