{"id":1776,"date":"2024-05-06T08:00:50","date_gmt":"2024-05-06T07:00:50","guid":{"rendered":"https:\/\/www.tranasskolmobler.se\/?post_type=products&#038;p=1776"},"modified":"2025-03-31T10:32:54","modified_gmt":"2025-03-31T08:32:54","slug":"tarris-medstativ","status":"publish","type":"products","link":"https:\/\/dev.yellon.se\/sonobrands\/tranas-skolmobler\/product\/tarris-medstativ\/","title":{"rendered":"Tarris medstativ"},"content":{"rendered":"","protected":false},"template":"","product_cat":[137,138,6],"acf":{"enable_advanced_product_template":true,"product_image":{"featured_image":1879,"gallery_images":null},"product_description":"Stol Tarris med plast skal och med medstativ som \u00e4r pulverlackad.","designer":"","product_data_real":{"expandable_colors":{"order":2,"color_row_heading":"F\u00e4rger","colors":[{"actual_colors_row_heading":"Sittskal Svart, Vit, Gr\u00e5 M\u00f6rkbl\u00e5, Turkos, Olivgr\u00f6n R\u00f6d","row_colors":[{"image_of_color":1814},{"image_of_color":1816},{"image_of_color":1830}]},{"actual_colors_row_heading":"M\u00f6rkbl\u00e5, Turkos, Olivgr\u00f6n R\u00f6d","row_colors":[{"image_of_color":1831},{"image_of_color":1834},{"image_of_color":1832},{"image_of_color":1833}]},{"actual_colors_row_heading":"Stativ RAL9006, RAL9005","row_colors":[{"image_of_color":1815},{"image_of_color":1814}]}]},"expandable_row":[{"expandable_heading":"M\u00e5tt","advanced_row":true,"allow_favorites":false,"plain_test_content":false,"content":"","row_content":[{"label":"Sitsbredd","value":"430 mm"},{"label":"Sitsdjup","value":"430 mm"},{"label":"Sitth\u00f6jd","value":"460 mm"},{"label":"Bredd","value":"510 mm"},{"label":"Djup","value":"492 mm"},{"label":"H\u00f6jd","value":"811 mm"},{"label":"Vikt","value":"3.8 kg"}],"advance_row_content":[{"columns":[{"column_content":"Modell ","column_image":""},{"column_content":"Bredd","column_image":""},{"column_content":"Djup","column_image":""},{"column_content":"H\u00f6jd","column_image":""},{"column_content":"Sitsbredd","column_image":""},{"column_content":"Sitsdjup","column_image":""},{"column_content":"Sitth\u00f6jd","column_image":""},{"column_content":"Vikt","column_image":""}]},{"columns":[{"column_content":"Medstativ","column_image":1879},{"column_content":"510 mm","column_image":""},{"column_content":"492 mm","column_image":""},{"column_content":"811 mm","column_image":""},{"column_content":"430 mm","column_image":""},{"column_content":"430 mm","column_image":""},{"column_content":"460 mm","column_image":""},{"column_content":"3,8 kg","column_image":""}]}]},{"expandable_heading":"Material","advanced_row":false,"allow_favorites":false,"plain_test_content":false,"content":"","row_content":[{"label":"Sits och rygg","value":"Plast skal"},{"label":"Stativ","value":"Pulverlackerat st\u00e5lstativ"}],"advance_row_content":null}],"documents":[{"file":"","link":{"title":"Broschyr Tarris Svenska","url":"https:\/\/ipaper.ipapercms.dk\/SonoGroup\/tranaas-skolmobler\/tarris\/","target":"_blank"}},{"file":"","link":{"title":"Tarris medstativ","url":"https:\/\/ipaper.ipapercms.dk\/SonoGroup\/tranaas-skolmobler\/monteringsanvisningar\/tarris-medstativ\/?page=1","target":""}},{"file":"","link":{"title":"M\u00f6belfakta","url":"https:\/\/www.mobelfakta.se\/Details.html?id=4422","target":""}}]},"product_block":[{"acf_fc_layout":"large_media","media_type":"image","image":1778,"embed_url":"","autoplay":false,"video":null,"content":""},{"acf_fc_layout":"content_block","order":"content-media","heading":"V\u00e4lj mellan m\u00e5nga olika stativ","content_background_color":"bg--primary","media_type":"file","embed_url":"","autoplay":true,"video":2026,"image":null}],"full_width_media":{"hide_module":true,"":null,"media_type":"mp4","media_size":"constrain","image":1779,"video":"","embed_url":"","content_layout":"default","heading":"","content":"","link_target":""},"related_products":{"heading":"Relaterade produkter","products":[1717,1756,1723,2198]},"more_related_products":{"heading":"Funkar bra med...","products":[252,253,254]},"search_keywords":"L000194\r\nL000\r\nL0001\r\nelevstol"},"yoast_head":"<!-- This site is optimized with the Yoast SEO plugin v21.6 - https:\/\/yoast.com\/wordpress\/plugins\/seo\/ -->\n<title>Tarris medstativ - Tran\u00e5s Skolm\u00f6bler<\/title>\n<meta name=\"robots\" content=\"index, follow, max-snippet:-1, max-image-preview:large, max-video-preview:-1\" \/>\n<link rel=\"canonical\" href=\"https:\/\/dev.yellon.se\/sonobrands\/tranas-skolmobler\/product\/tarris-medstativ\/\" \/>\n<meta property=\"og:locale\" content=\"en_US\" \/>\n<meta property=\"og:type\" content=\"article\" \/>\n<meta property=\"og:title\" content=\"Tarris medstativ - Tran\u00e5s Skolm\u00f6bler\" \/>\n<meta property=\"og:url\" content=\"https:\/\/dev.yellon.se\/sonobrands\/tranas-skolmobler\/product\/tarris-medstativ\/\" \/>\n<meta property=\"og:site_name\" content=\"Tran\u00e5s Skolm\u00f6bler\" \/>\n<meta property=\"article:modified_time\" content=\"2025-03-31T08:32:54+00:00\" \/>\n<meta name=\"twitter:card\" content=\"summary_large_image\" \/>\n<script type=\"application\/ld+json\" class=\"yoast-schema-graph\">{\"@context\":\"https:\/\/schema.org\",\"@graph\":[{\"@type\":\"WebPage\",\"@id\":\"https:\/\/dev.yellon.se\/sonobrands\/tranas-skolmobler\/product\/tarris-medstativ\/\",\"url\":\"https:\/\/dev.yellon.se\/sonobrands\/tranas-skolmobler\/product\/tarris-medstativ\/\",\"name\":\"Tarris medstativ - Tran\u00e5s Skolm\u00f6bler\",\"isPartOf\":{\"@id\":\"https:\/\/dev.yellon.se\/sonobrands\/tranas-skolmobler\/#website\"},\"datePublished\":\"2024-05-06T07:00:50+00:00\",\"dateModified\":\"2025-03-31T08:32:54+00:00\",\"breadcrumb\":{\"@id\":\"https:\/\/dev.yellon.se\/sonobrands\/tranas-skolmobler\/product\/tarris-medstativ\/#breadcrumb\"},\"inLanguage\":\"en-US\",\"potentialAction\":[{\"@type\":\"ReadAction\",\"target\":[\"https:\/\/dev.yellon.se\/sonobrands\/tranas-skolmobler\/product\/tarris-medstativ\/\"]}]},{\"@type\":\"BreadcrumbList\",\"@id\":\"https:\/\/dev.yellon.se\/sonobrands\/tranas-skolmobler\/product\/tarris-medstativ\/#breadcrumb\",\"itemListElement\":[{\"@type\":\"ListItem\",\"position\":1,\"name\":\"Home\",\"item\":\"https:\/\/dev.yellon.se\/sonobrands\/tranas-skolmobler\/\"},{\"@type\":\"ListItem\",\"position\":2,\"name\":\"Tarris medstativ\"}]},{\"@type\":\"WebSite\",\"@id\":\"https:\/\/dev.yellon.se\/sonobrands\/tranas-skolmobler\/#website\",\"url\":\"https:\/\/dev.yellon.se\/sonobrands\/tranas-skolmobler\/\",\"name\":\"Tran\u00e5s Skolm\u00f6bler\",\"description\":\"Sono Brands\",\"potentialAction\":[{\"@type\":\"SearchAction\",\"target\":{\"@type\":\"EntryPoint\",\"urlTemplate\":\"https:\/\/dev.yellon.se\/sonobrands\/tranas-skolmobler\/?s={search_term_string}\"},\"query-input\":\"required name=search_term_string\"}],\"inLanguage\":\"en-US\"}]}<\/script>\n<!-- \/ Yoast SEO plugin. -->","yoast_head_json":{"title":"Tarris medstativ - Tran\u00e5s Skolm\u00f6bler","robots":{"index":"index","follow":"follow","max-snippet":"max-snippet:-1","max-image-preview":"max-image-preview:large","max-video-preview":"max-video-preview:-1"},"canonical":"https:\/\/dev.yellon.se\/sonobrands\/tranas-skolmobler\/product\/tarris-medstativ\/","og_locale":"en_US","og_type":"article","og_title":"Tarris medstativ - Tran\u00e5s Skolm\u00f6bler","og_url":"https:\/\/dev.yellon.se\/sonobrands\/tranas-skolmobler\/product\/tarris-medstativ\/","og_site_name":"Tran\u00e5s Skolm\u00f6bler","article_modified_time":"2025-03-31T08:32:54+00:00","twitter_card":"summary_large_image","schema":{"@context":"https:\/\/schema.org","@graph":[{"@type":"WebPage","@id":"https:\/\/dev.yellon.se\/sonobrands\/tranas-skolmobler\/product\/tarris-medstativ\/","url":"https:\/\/dev.yellon.se\/sonobrands\/tranas-skolmobler\/product\/tarris-medstativ\/","name":"Tarris medstativ - Tran\u00e5s Skolm\u00f6bler","isPartOf":{"@id":"https:\/\/dev.yellon.se\/sonobrands\/tranas-skolmobler\/#website"},"datePublished":"2024-05-06T07:00:50+00:00","dateModified":"2025-03-31T08:32:54+00:00","breadcrumb":{"@id":"https:\/\/dev.yellon.se\/sonobrands\/tranas-skolmobler\/product\/tarris-medstativ\/#breadcrumb"},"inLanguage":"en-US","potentialAction":[{"@type":"ReadAction","target":["https:\/\/dev.yellon.se\/sonobrands\/tranas-skolmobler\/product\/tarris-medstativ\/"]}]},{"@type":"BreadcrumbList","@id":"https:\/\/dev.yellon.se\/sonobrands\/tranas-skolmobler\/product\/tarris-medstativ\/#breadcrumb","itemListElement":[{"@type":"ListItem","position":1,"name":"Home","item":"https:\/\/dev.yellon.se\/sonobrands\/tranas-skolmobler\/"},{"@type":"ListItem","position":2,"name":"Tarris medstativ"}]},{"@type":"WebSite","@id":"https:\/\/dev.yellon.se\/sonobrands\/tranas-skolmobler\/#website","url":"https:\/\/dev.yellon.se\/sonobrands\/tranas-skolmobler\/","name":"Tran\u00e5s Skolm\u00f6bler","description":"Sono Brands","potentialAction":[{"@type":"SearchAction","target":{"@type":"EntryPoint","urlTemplate":"https:\/\/dev.yellon.se\/sonobrands\/tranas-skolmobler\/?s={search_term_string}"},"query-input":"required name=search_term_string"}],"inLanguage":"en-US"}]}},"featured_img_src":"https:\/\/dev.yellon.se\/sonobrands\/tranas-skolmobler\/wp-content\/uploads\/2024\/05\/tarris_1.jpg","_links":{"self":[{"href":"https:\/\/dev.yellon.se\/sonobrands\/tranas-skolmobler\/wp-json\/wp\/v2\/products\/1776"}],"collection":[{"href":"https:\/\/dev.yellon.se\/sonobrands\/tranas-skolmobler\/wp-json\/wp\/v2\/products"}],"about":[{"href":"https:\/\/dev.yellon.se\/sonobrands\/tranas-skolmobler\/wp-json\/wp\/v2\/types\/products"}],"wp:attachment":[{"href":"https:\/\/dev.yellon.se\/sonobrands\/tranas-skolmobler\/wp-json\/wp\/v2\/media?parent=1776"}],"wp:term":[{"taxonomy":"product_cat","embeddable":true,"href":"https:\/\/dev.yellon.se\/sonobrands\/tranas-skolmobler\/wp-json\/wp\/v2\/product_cat?post=1776"}],"curies":[{"name":"wp","href":"https:\/\/api.w.org\/{rel}","templated":true}]}}