{"id":2198,"date":"2025-02-03T12:39:01","date_gmt":"2025-02-03T10:39:01","guid":{"rendered":"https:\/\/www.tranasskolmobler.se\/?post_type=products&#038;p=2198"},"modified":"2026-02-05T16:12:32","modified_gmt":"2026-02-05T14:12:32","slug":"tarris-frisving","status":"publish","type":"products","link":"https:\/\/dev.yellon.se\/sonobrands\/tranas-skolmobler\/product\/tarris-frisving\/","title":{"rendered":"Tarris frisving"},"content":{"rendered":"","protected":false},"template":"","product_cat":[137],"acf":{"enable_advanced_product_template":false,"product_image":{"featured_image":2205,"gallery_images":[{"image":2200},{"image":2201},{"image":2202},{"image":2199}]},"product_description":"Elevstol Tarris frisving med stort sittskal och fotpinne\/fotplatta. St\u00e4llbar h\u00f6jd 450-630 mm.\r\n\r\nG\u00e5r \u00e4ven att f\u00e5 med kl\u00e4dd sits.\r\n\r\nM\u00f6belfaktam\u00e4rkning avser enbart stol med fotpinne.","designer":"","product_data_real":{"expandable_colors":{"order":2,"color_row_heading":"F\u00e4rger","colors":[{"actual_colors_row_heading":"Sittskal Svart Vit, Gr\u00e5","row_colors":[{"image_of_color":1814},{"image_of_color":1817},{"image_of_color":1830}]},{"actual_colors_row_heading":"M\u00f6rkbl\u00e5, Turkos, Olivgr\u00f6n, R\u00f6d","row_colors":[{"image_of_color":1831},{"image_of_color":1834},{"image_of_color":1832},{"image_of_color":1833}]},{"actual_colors_row_heading":"Stativ RAL9006, RAL9005","row_colors":[{"image_of_color":1815},{"image_of_color":1814}]}]},"expandable_row":[{"expandable_heading":"Varianter","advanced_row":true,"allow_favorites":true,"plain_test_content":false,"content":"","row_content":null,"advance_row_content":[{"columns":[{"column_content":"Modell","column_image":""},{"column_content":"Bredd","column_image":""},{"column_content":"H\u00f6jd","column_image":""},{"column_content":"Sitsbredd","column_image":""},{"column_content":"Sitsdjup","column_image":""},{"column_content":"Sitth\u00f6jd","column_image":""},{"column_content":"Vikt","column_image":""}]},{"columns":[{"column_content":"Med fotpinne","column_image":2203},{"column_content":"439 mm","column_image":""},{"column_content":"764 mm","column_image":""},{"column_content":"430 mm","column_image":""},{"column_content":"430 mm","column_image":""},{"column_content":"450-630 mm","column_image":""},{"column_content":"5,7 kg","column_image":""}]},{"columns":[{"column_content":"Med fotplatta","column_image":2199},{"column_content":"439 mm","column_image":""},{"column_content":"764 mm","column_image":""},{"column_content":"430 mm","column_image":""},{"column_content":"430 mm","column_image":""},{"column_content":"450-630 mm","column_image":""},{"column_content":"6,1 kg","column_image":""}]}]},{"expandable_heading":"Material","advanced_row":false,"allow_favorites":false,"plain_test_content":false,"content":"","row_content":[{"label":"Sits och rygg","value":"Plast skal"},{"label":"Stativ","value":"Pulverlackerat st\u00e5lstativ"}],"advance_row_content":null}],"documents":[{"file":"","link":{"title":"Broschyr Tarris","url":"https:\/\/ipaper.ipapercms.dk\/SonoGroup\/tranaas-skolmobler\/tarris\/","target":"_blank"}},{"file":"","link":{"title":"M\u00f6belfakta","url":"https:\/\/www.mobelfakta.se\/Details.html?id=4489","target":""}},{"file":"","link":{"title":"Assemblyinstruction_Tarris_Student_chair","url":"https:\/\/ipaper.ipapercms.dk\/SonoGroup\/tranaas-skolmobler\/monteringsanvisningar\/tarris-elevstol\/?page=1","target":"_blank"}}]},"product_block":null,"full_width_media":{"hide_module":false,"":null,"media_type":"image","media_size":"full","image":"","video":null,"embed_url":"","content_layout":"default","heading":"","content":"","link_target":""},"related_products":{"heading":"Relaterade produkter","products":[1717,1756,1723,1776]},"more_related_products":{"heading":"Funkar bra med...","products":[252,253,254]},"search_keywords":"Elevstol\r\nTarris\r\nFrisving\r\nst\u00e4llbar stol\r\nfotpinne\r\nfotplatta"},"yoast_head":"<!-- This site is optimized with the Yoast SEO plugin v21.6 - https:\/\/yoast.com\/wordpress\/plugins\/seo\/ -->\n<title>Tarris frisving - Tran\u00e5s Skolm\u00f6bler<\/title>\n<meta name=\"robots\" content=\"index, follow, max-snippet:-1, max-image-preview:large, max-video-preview:-1\" \/>\n<link rel=\"canonical\" href=\"https:\/\/dev.yellon.se\/sonobrands\/tranas-skolmobler\/product\/tarris-frisving\/\" \/>\n<meta property=\"og:locale\" content=\"en_US\" \/>\n<meta property=\"og:type\" content=\"article\" \/>\n<meta property=\"og:title\" content=\"Tarris frisving - Tran\u00e5s Skolm\u00f6bler\" \/>\n<meta property=\"og:url\" content=\"https:\/\/dev.yellon.se\/sonobrands\/tranas-skolmobler\/product\/tarris-frisving\/\" \/>\n<meta property=\"og:site_name\" content=\"Tran\u00e5s Skolm\u00f6bler\" \/>\n<meta property=\"article:modified_time\" content=\"2026-02-05T14:12:32+00:00\" \/>\n<meta name=\"twitter:card\" content=\"summary_large_image\" \/>\n<meta name=\"twitter:label1\" content=\"Est. reading time\" \/>\n\t<meta name=\"twitter:data1\" content=\"4 minutes\" \/>\n<script type=\"application\/ld+json\" class=\"yoast-schema-graph\">{\"@context\":\"https:\/\/schema.org\",\"@graph\":[{\"@type\":\"WebPage\",\"@id\":\"https:\/\/dev.yellon.se\/sonobrands\/tranas-skolmobler\/product\/tarris-frisving\/\",\"url\":\"https:\/\/dev.yellon.se\/sonobrands\/tranas-skolmobler\/product\/tarris-frisving\/\",\"name\":\"Tarris frisving - Tran\u00e5s Skolm\u00f6bler\",\"isPartOf\":{\"@id\":\"https:\/\/dev.yellon.se\/sonobrands\/tranas-skolmobler\/#website\"},\"datePublished\":\"2025-02-03T10:39:01+00:00\",\"dateModified\":\"2026-02-05T14:12:32+00:00\",\"breadcrumb\":{\"@id\":\"https:\/\/dev.yellon.se\/sonobrands\/tranas-skolmobler\/product\/tarris-frisving\/#breadcrumb\"},\"inLanguage\":\"en-US\",\"potentialAction\":[{\"@type\":\"ReadAction\",\"target\":[\"https:\/\/dev.yellon.se\/sonobrands\/tranas-skolmobler\/product\/tarris-frisving\/\"]}]},{\"@type\":\"BreadcrumbList\",\"@id\":\"https:\/\/dev.yellon.se\/sonobrands\/tranas-skolmobler\/product\/tarris-frisving\/#breadcrumb\",\"itemListElement\":[{\"@type\":\"ListItem\",\"position\":1,\"name\":\"Home\",\"item\":\"https:\/\/dev.yellon.se\/sonobrands\/tranas-skolmobler\/\"},{\"@type\":\"ListItem\",\"position\":2,\"name\":\"Tarris frisving\"}]},{\"@type\":\"WebSite\",\"@id\":\"https:\/\/dev.yellon.se\/sonobrands\/tranas-skolmobler\/#website\",\"url\":\"https:\/\/dev.yellon.se\/sonobrands\/tranas-skolmobler\/\",\"name\":\"Tran\u00e5s Skolm\u00f6bler\",\"description\":\"Sono Brands\",\"potentialAction\":[{\"@type\":\"SearchAction\",\"target\":{\"@type\":\"EntryPoint\",\"urlTemplate\":\"https:\/\/dev.yellon.se\/sonobrands\/tranas-skolmobler\/?s={search_term_string}\"},\"query-input\":\"required name=search_term_string\"}],\"inLanguage\":\"en-US\"}]}<\/script>\n<!-- \/ Yoast SEO plugin. -->","yoast_head_json":{"title":"Tarris frisving - Tran\u00e5s Skolm\u00f6bler","robots":{"index":"index","follow":"follow","max-snippet":"max-snippet:-1","max-image-preview":"max-image-preview:large","max-video-preview":"max-video-preview:-1"},"canonical":"https:\/\/dev.yellon.se\/sonobrands\/tranas-skolmobler\/product\/tarris-frisving\/","og_locale":"en_US","og_type":"article","og_title":"Tarris frisving - Tran\u00e5s Skolm\u00f6bler","og_url":"https:\/\/dev.yellon.se\/sonobrands\/tranas-skolmobler\/product\/tarris-frisving\/","og_site_name":"Tran\u00e5s Skolm\u00f6bler","article_modified_time":"2026-02-05T14:12:32+00:00","twitter_card":"summary_large_image","twitter_misc":{"Est. reading time":"4 minutes"},"schema":{"@context":"https:\/\/schema.org","@graph":[{"@type":"WebPage","@id":"https:\/\/dev.yellon.se\/sonobrands\/tranas-skolmobler\/product\/tarris-frisving\/","url":"https:\/\/dev.yellon.se\/sonobrands\/tranas-skolmobler\/product\/tarris-frisving\/","name":"Tarris frisving - Tran\u00e5s Skolm\u00f6bler","isPartOf":{"@id":"https:\/\/dev.yellon.se\/sonobrands\/tranas-skolmobler\/#website"},"datePublished":"2025-02-03T10:39:01+00:00","dateModified":"2026-02-05T14:12:32+00:00","breadcrumb":{"@id":"https:\/\/dev.yellon.se\/sonobrands\/tranas-skolmobler\/product\/tarris-frisving\/#breadcrumb"},"inLanguage":"en-US","potentialAction":[{"@type":"ReadAction","target":["https:\/\/dev.yellon.se\/sonobrands\/tranas-skolmobler\/product\/tarris-frisving\/"]}]},{"@type":"BreadcrumbList","@id":"https:\/\/dev.yellon.se\/sonobrands\/tranas-skolmobler\/product\/tarris-frisving\/#breadcrumb","itemListElement":[{"@type":"ListItem","position":1,"name":"Home","item":"https:\/\/dev.yellon.se\/sonobrands\/tranas-skolmobler\/"},{"@type":"ListItem","position":2,"name":"Tarris frisving"}]},{"@type":"WebSite","@id":"https:\/\/dev.yellon.se\/sonobrands\/tranas-skolmobler\/#website","url":"https:\/\/dev.yellon.se\/sonobrands\/tranas-skolmobler\/","name":"Tran\u00e5s Skolm\u00f6bler","description":"Sono Brands","potentialAction":[{"@type":"SearchAction","target":{"@type":"EntryPoint","urlTemplate":"https:\/\/dev.yellon.se\/sonobrands\/tranas-skolmobler\/?s={search_term_string}"},"query-input":"required name=search_term_string"}],"inLanguage":"en-US"}]}},"featured_img_src":"https:\/\/dev.yellon.se\/sonobrands\/tranas-skolmobler\/wp-content\/uploads\/2025\/02\/Tarris-Frisving-H45-63-L-FP_Silver_Svart.jpg","_links":{"self":[{"href":"https:\/\/dev.yellon.se\/sonobrands\/tranas-skolmobler\/wp-json\/wp\/v2\/products\/2198"}],"collection":[{"href":"https:\/\/dev.yellon.se\/sonobrands\/tranas-skolmobler\/wp-json\/wp\/v2\/products"}],"about":[{"href":"https:\/\/dev.yellon.se\/sonobrands\/tranas-skolmobler\/wp-json\/wp\/v2\/types\/products"}],"wp:attachment":[{"href":"https:\/\/dev.yellon.se\/sonobrands\/tranas-skolmobler\/wp-json\/wp\/v2\/media?parent=2198"}],"wp:term":[{"taxonomy":"product_cat","embeddable":true,"href":"https:\/\/dev.yellon.se\/sonobrands\/tranas-skolmobler\/wp-json\/wp\/v2\/product_cat?post=2198"}],"curies":[{"name":"wp","href":"https:\/\/api.w.org\/{rel}","templated":true}]}}