{"id":229,"date":"2023-06-21T15:42:46","date_gmt":"2023-06-21T14:42:46","guid":{"rendered":"http:\/\/sono.local\/?post_type=products&#038;p=229"},"modified":"2026-02-11T17:42:02","modified_gmt":"2026-02-11T15:42:02","slug":"atlas-2116","status":"publish","type":"products","link":"https:\/\/dev.yellon.se\/sonobrands\/tranas-skolmobler\/product\/atlas-2116\/","title":{"rendered":"Atlas 2116"},"content":{"rendered":"","protected":false},"template":"","product_cat":[137,6],"acf":{"enable_advanced_product_template":true,"product_image":{"featured_image":429,"gallery_images":[{"image":1545},{"image":1546},{"image":1547},{"image":1548},{"image":1549}]},"product_description":"Frisving Atlas 2116 \u00e4r designad med flera funktioner f\u00f6r att erbjuda optimal h\u00e5llbarhet och anv\u00e4ndarv\u00e4nlighet.\r\nAtlas har formpressad sits och rygg belagd med h\u00f6gtryckslaminat, som \u00e4r sk\u00e5lad och har fasade kanter med en rundad design.\r\n\r\nDetta ger ett mjukt intryck och ger maximal ergonomi. Sitsen och ryggen har f\u00f6rs\u00e4nkta skruvar, vilket inte bara g\u00f6r det enkelt att byta ut dessa delar vid behov utan ocks\u00e5 f\u00f6rhindrar att h\u00e5r fastnar, vilket \u00f6kar komforten och anv\u00e4ndarupplevelsen.\r\nF\u00f6r att s\u00e4kerst\u00e4lla b\u00e4sta h\u00e5llbarhet \u00e4r ryggdistansen som ocks\u00e5 kan anv\u00e4ndas som v\u00e4skkrok tillverkad i aluminium samt att r\u00f6ravslutet \u00e4r inlackerat, vilket f\u00f6rhindrar att den kan tas bort.\r\n\r\nStativet \u00e4r utrustat med svetsad fotpinne och inkluderade upph\u00e4ngningsdistanser under sitsen som skyddar skivan fr\u00e5n skador n\u00e4r stolen h\u00e4ngs upp.\r\n\r\nDetta bidrar till att f\u00f6rl\u00e4nga livsl\u00e4ngden p\u00e5 b\u00e5de stolen och skivan, och s\u00e4kerst\u00e4ller att de f\u00f6rblir i gott skick under l\u00e5ng tid.\r\n\r\nGolvskydden har ingjuten filt och det bakre golvskyddet som \u00e4r skruvat f\u00f6ljer r\u00f6rets bockning, vilket g\u00f6r stolen extra stabil och kan enkelt bytas ut om golvskyddet slits ut.\r\nStolen \u00e4r en del av en st\u00f6rre produktfamilj, vilket m\u00f6jligg\u00f6r en r\u00f6d tr\u00e5d genom hela inredningen och skapar en enhetlig och stilren design i olika milj\u00f6er.","designer":"Patrik Bengtsson & Pierre Sindre","product_data_real":{"expandable_colors":{"order":2,"color_row_heading":"F\u00e4rger","colors":[{"actual_colors_row_heading":"Sits och rygg ljus eklaminat","row_colors":[{"image_of_color":1799}]},{"actual_colors_row_heading":"RAL5009, RAL6034, RAL6021, RAL1018","row_colors":[{"image_of_color":1801},{"image_of_color":1800},{"image_of_color":1802},{"image_of_color":1803}]},{"actual_colors_row_heading":"RAL6015, RAL7043, RAL9003, RAL3016","row_colors":[{"image_of_color":1804},{"image_of_color":1805},{"image_of_color":1806},{"image_of_color":1807}]}]},"expandable_row":[{"expandable_heading":"Varianter","advanced_row":true,"allow_favorites":true,"plain_test_content":false,"content":"","row_content":[{"label":"Sitsbredd","value":"380 mm"},{"label":"Sitsdjup","value":"440 mm"},{"label":"Sitth\u00f6jd","value":"440\/620 mm"},{"label":"Bredd","value":"445 mm"},{"label":"Djup","value":"535 mm"},{"label":"H\u00f6jd","value":"785\/965 mm"},{"label":"Vikt","value":"6\/6,5 kg"}],"advance_row_content":[{"columns":[{"column_content":"Variant","column_image":""},{"column_content":"Art.nr","column_image":""},{"column_content":"Bredd","column_image":""},{"column_content":"Djup","column_image":""},{"column_content":"H\u00f6jd","column_image":""},{"column_content":"Sbredd","column_image":""},{"column_content":"Sdjup","column_image":""},{"column_content":"Sh\u00f6jd","column_image":""},{"column_content":"Vikt","column_image":""}]},{"columns":[{"column_content":"","column_image":1545},{"column_content":"2116","column_image":""},{"column_content":"445 mm","column_image":""},{"column_content":"535 mm","column_image":""},{"column_content":"785 mm","column_image":""},{"column_content":"380 mm","column_image":""},{"column_content":"440 mm","column_image":""},{"column_content":"440 mm","column_image":""},{"column_content":"6 kg","column_image":""}]},{"columns":[{"column_content":"","column_image":1549},{"column_content":"2116","column_image":""},{"column_content":"445 mm","column_image":""},{"column_content":"535 mm","column_image":""},{"column_content":"965 mm","column_image":""},{"column_content":"380 mm","column_image":""},{"column_content":"440 mm","column_image":""},{"column_content":"620 mm","column_image":""},{"column_content":"6,5 kg","column_image":""}]}]},{"expandable_heading":"Material","advanced_row":false,"allow_favorites":false,"plain_test_content":false,"content":"","row_content":[{"label":"Sits och rygg","value":"H\u00f6gtryckslaminat"},{"label":"Stativ","value":"Pulverlackerat st\u00e5lstativ"}],"advance_row_content":null},{"expandable_heading":"Certifikat","advanced_row":false,"allow_favorites":false,"plain_test_content":false,"content":"","row_content":[{"label":"Tester","value":"EN 1729"},{"label":"Certifiering","value":"M\u00f6belfakta"}],"advance_row_content":null}],"documents":[{"file":"","link":{"title":"Dwg","url":"https:\/\/catalogs.pcon-solutions.com\/#\/brands\/o-a64c89a3a77c4072993b1349d1a144b6\/catalog?c=c-bd45434d56334701a4d4c1a427e378c1","target":"_blank"}},{"file":"","link":{"title":"Atlas Serie","url":"https:\/\/ipaper.ipapercms.dk\/SonoGroup\/tranaas-skolmobler\/atlas\/","target":""}},{"file":"","link":{"title":"Atlas English","url":"https:\/\/ipaper.ipapercms.dk\/SonoGroup\/tranaas-skolmobler\/atlas-english\/?page=1","target":"_blank"}},{"file":"","link":{"title":"M\u00f6belfakta","url":"https:\/\/www.mobelfakta.se\/Details.html?id=1661","target":"_blank"}}]},"product_block":[{"acf_fc_layout":"large_media","media_type":"image","image":430,"embed_url":"","autoplay":false,"video":null,"content":""},{"acf_fc_layout":"content_block","order":"media-content","heading":"Design Patrik Bengtsson & Pierre Sindre","content_background_color":"bg--primary","media_type":"image","embed_url":"","autoplay":false,"video":null,"image":374}],"full_width_media":{"hide_module":false,"":null,"media_type":"image","media_size":"full","image":"","video":null,"embed_url":"","content_layout":"default","heading":"","content":"","link_target":""},"related_products":{"heading":"Relaterade produkter","products":[231,232]},"more_related_products":{"heading":"Funkar bra med...","products":[246,227]},"search_keywords":"stol med fotpinne\r\nelevstol\r\nvuxenstol"},"yoast_head":"<!-- This site is optimized with the Yoast SEO plugin v21.6 - https:\/\/yoast.com\/wordpress\/plugins\/seo\/ -->\n<title>Atlas 2116 - Tran\u00e5s Skolm\u00f6bler<\/title>\n<meta name=\"robots\" content=\"index, follow, max-snippet:-1, max-image-preview:large, max-video-preview:-1\" \/>\n<link rel=\"canonical\" href=\"https:\/\/dev.yellon.se\/sonobrands\/tranas-skolmobler\/product\/atlas-2116\/\" \/>\n<meta property=\"og:locale\" content=\"en_US\" \/>\n<meta property=\"og:type\" content=\"article\" \/>\n<meta property=\"og:title\" content=\"Atlas 2116 - Tran\u00e5s Skolm\u00f6bler\" \/>\n<meta property=\"og:url\" content=\"https:\/\/dev.yellon.se\/sonobrands\/tranas-skolmobler\/product\/atlas-2116\/\" \/>\n<meta property=\"og:site_name\" content=\"Tran\u00e5s Skolm\u00f6bler\" \/>\n<meta property=\"article:modified_time\" content=\"2026-02-11T15:42:02+00:00\" \/>\n<meta name=\"twitter:card\" content=\"summary_large_image\" \/>\n<meta name=\"twitter:label1\" content=\"Est. reading time\" \/>\n\t<meta name=\"twitter:data1\" content=\"6 minutes\" \/>\n<script type=\"application\/ld+json\" class=\"yoast-schema-graph\">{\"@context\":\"https:\/\/schema.org\",\"@graph\":[{\"@type\":\"WebPage\",\"@id\":\"https:\/\/dev.yellon.se\/sonobrands\/tranas-skolmobler\/product\/atlas-2116\/\",\"url\":\"https:\/\/dev.yellon.se\/sonobrands\/tranas-skolmobler\/product\/atlas-2116\/\",\"name\":\"Atlas 2116 - Tran\u00e5s Skolm\u00f6bler\",\"isPartOf\":{\"@id\":\"https:\/\/dev.yellon.se\/sonobrands\/tranas-skolmobler\/#website\"},\"datePublished\":\"2023-06-21T14:42:46+00:00\",\"dateModified\":\"2026-02-11T15:42:02+00:00\",\"breadcrumb\":{\"@id\":\"https:\/\/dev.yellon.se\/sonobrands\/tranas-skolmobler\/product\/atlas-2116\/#breadcrumb\"},\"inLanguage\":\"en-US\",\"potentialAction\":[{\"@type\":\"ReadAction\",\"target\":[\"https:\/\/dev.yellon.se\/sonobrands\/tranas-skolmobler\/product\/atlas-2116\/\"]}]},{\"@type\":\"BreadcrumbList\",\"@id\":\"https:\/\/dev.yellon.se\/sonobrands\/tranas-skolmobler\/product\/atlas-2116\/#breadcrumb\",\"itemListElement\":[{\"@type\":\"ListItem\",\"position\":1,\"name\":\"Home\",\"item\":\"https:\/\/dev.yellon.se\/sonobrands\/tranas-skolmobler\/\"},{\"@type\":\"ListItem\",\"position\":2,\"name\":\"Atlas 2116\"}]},{\"@type\":\"WebSite\",\"@id\":\"https:\/\/dev.yellon.se\/sonobrands\/tranas-skolmobler\/#website\",\"url\":\"https:\/\/dev.yellon.se\/sonobrands\/tranas-skolmobler\/\",\"name\":\"Tran\u00e5s Skolm\u00f6bler\",\"description\":\"Sono Brands\",\"potentialAction\":[{\"@type\":\"SearchAction\",\"target\":{\"@type\":\"EntryPoint\",\"urlTemplate\":\"https:\/\/dev.yellon.se\/sonobrands\/tranas-skolmobler\/?s={search_term_string}\"},\"query-input\":\"required name=search_term_string\"}],\"inLanguage\":\"en-US\"}]}<\/script>\n<!-- \/ Yoast SEO plugin. -->","yoast_head_json":{"title":"Atlas 2116 - Tran\u00e5s Skolm\u00f6bler","robots":{"index":"index","follow":"follow","max-snippet":"max-snippet:-1","max-image-preview":"max-image-preview:large","max-video-preview":"max-video-preview:-1"},"canonical":"https:\/\/dev.yellon.se\/sonobrands\/tranas-skolmobler\/product\/atlas-2116\/","og_locale":"en_US","og_type":"article","og_title":"Atlas 2116 - Tran\u00e5s Skolm\u00f6bler","og_url":"https:\/\/dev.yellon.se\/sonobrands\/tranas-skolmobler\/product\/atlas-2116\/","og_site_name":"Tran\u00e5s Skolm\u00f6bler","article_modified_time":"2026-02-11T15:42:02+00:00","twitter_card":"summary_large_image","twitter_misc":{"Est. reading time":"6 minutes"},"schema":{"@context":"https:\/\/schema.org","@graph":[{"@type":"WebPage","@id":"https:\/\/dev.yellon.se\/sonobrands\/tranas-skolmobler\/product\/atlas-2116\/","url":"https:\/\/dev.yellon.se\/sonobrands\/tranas-skolmobler\/product\/atlas-2116\/","name":"Atlas 2116 - Tran\u00e5s Skolm\u00f6bler","isPartOf":{"@id":"https:\/\/dev.yellon.se\/sonobrands\/tranas-skolmobler\/#website"},"datePublished":"2023-06-21T14:42:46+00:00","dateModified":"2026-02-11T15:42:02+00:00","breadcrumb":{"@id":"https:\/\/dev.yellon.se\/sonobrands\/tranas-skolmobler\/product\/atlas-2116\/#breadcrumb"},"inLanguage":"en-US","potentialAction":[{"@type":"ReadAction","target":["https:\/\/dev.yellon.se\/sonobrands\/tranas-skolmobler\/product\/atlas-2116\/"]}]},{"@type":"BreadcrumbList","@id":"https:\/\/dev.yellon.se\/sonobrands\/tranas-skolmobler\/product\/atlas-2116\/#breadcrumb","itemListElement":[{"@type":"ListItem","position":1,"name":"Home","item":"https:\/\/dev.yellon.se\/sonobrands\/tranas-skolmobler\/"},{"@type":"ListItem","position":2,"name":"Atlas 2116"}]},{"@type":"WebSite","@id":"https:\/\/dev.yellon.se\/sonobrands\/tranas-skolmobler\/#website","url":"https:\/\/dev.yellon.se\/sonobrands\/tranas-skolmobler\/","name":"Tran\u00e5s Skolm\u00f6bler","description":"Sono Brands","potentialAction":[{"@type":"SearchAction","target":{"@type":"EntryPoint","urlTemplate":"https:\/\/dev.yellon.se\/sonobrands\/tranas-skolmobler\/?s={search_term_string}"},"query-input":"required name=search_term_string"}],"inLanguage":"en-US"}]}},"featured_img_src":"https:\/\/dev.yellon.se\/sonobrands\/tranas-skolmobler\/wp-content\/uploads\/2023\/06\/Altas2116_6021.jpg","_links":{"self":[{"href":"https:\/\/dev.yellon.se\/sonobrands\/tranas-skolmobler\/wp-json\/wp\/v2\/products\/229"}],"collection":[{"href":"https:\/\/dev.yellon.se\/sonobrands\/tranas-skolmobler\/wp-json\/wp\/v2\/products"}],"about":[{"href":"https:\/\/dev.yellon.se\/sonobrands\/tranas-skolmobler\/wp-json\/wp\/v2\/types\/products"}],"wp:attachment":[{"href":"https:\/\/dev.yellon.se\/sonobrands\/tranas-skolmobler\/wp-json\/wp\/v2\/media?parent=229"}],"wp:term":[{"taxonomy":"product_cat","embeddable":true,"href":"https:\/\/dev.yellon.se\/sonobrands\/tranas-skolmobler\/wp-json\/wp\/v2\/product_cat?post=229"}],"curies":[{"name":"wp","href":"https:\/\/api.w.org\/{rel}","templated":true}]}}