{"id":230,"date":"2023-06-22T07:16:00","date_gmt":"2023-06-22T06:16:00","guid":{"rendered":"http:\/\/sono.local\/?post_type=products&#038;p=230"},"modified":"2026-02-11T17:41:34","modified_gmt":"2026-02-11T15:41:34","slug":"atlas-2114","status":"publish","type":"products","link":"https:\/\/dev.yellon.se\/sonobrands\/tranas-skolmobler\/product\/atlas-2114\/","title":{"rendered":"Atlas 2114"},"content":{"rendered":"","protected":false},"template":"","product_cat":[137,6],"acf":{"enable_advanced_product_template":true,"product_image":{"featured_image":432,"gallery_images":[{"image":1554},{"image":1556},{"image":1555}]},"product_description":"Frisving Atlas 2114 \u00e4r designad med flera funktioner f\u00f6r att erbjuda optimal h\u00e5llbarhet och anv\u00e4ndarv\u00e4nlighet.\r\nAtlas har formpressad sits och rygg belagd med h\u00f6gtryckslaminat, som \u00e4r sk\u00e5lad och har fasade kanter med en rundad design. Detta ger ett mjukt intryck och ger maximal ergonomi. Sitsen och ryggen har f\u00f6rs\u00e4nkta skruvar, vilket inte bara g\u00f6r det enkelt att byta ut dessa delar vid behov utan ocks\u00e5 f\u00f6rhindrar att h\u00e5r fastnar, vilket \u00f6kar komforten och anv\u00e4ndarupplevelsen.\r\nF\u00f6r att s\u00e4kerst\u00e4lla b\u00e4sta h\u00e5llbarhet \u00e4r ryggdistansen som ocks\u00e5 kan anv\u00e4ndas som v\u00e4skkrok tillverkad i aluminium samt att r\u00f6ravslutet \u00e4r inlackerat, vilket f\u00f6rhindrar att den kan tas bort.\r\nStolen \u00e4r utrustad med en stegl\u00f6st justerbar fotplatta i massiv tr\u00e4, vilket g\u00f6r den ergonomisk och anpassningsbar f\u00f6r barn i olika \u00e5ldrar och storlekar. Den justerbara fotplattan ger optimalt st\u00f6d f\u00f6r f\u00f6tterna, vilket bidrar till en b\u00e4ttre sittst\u00e4llning och \u00f6kad komfort under l\u00e4ngre sittperioder. Dessutom kan fotplattan slipas om den blir sliten, vilket f\u00f6rl\u00e4nger dess livsl\u00e4ngd och h\u00e5ller stolen i gott skick under m\u00e5nga \u00e5rs anv\u00e4ndning.\r\nGolvskydden har ingjuten filt och det bakre golvskyddet som \u00e4r skruvat f\u00f6ljer r\u00f6rets bockning, vilket g\u00f6r stolen extra stabil och kan enkelt bytas ut om golvskyddet slits ut.\r\nStolen \u00e4r en del av en st\u00f6rre produktfamilj, vilket m\u00f6jligg\u00f6r en r\u00f6d tr\u00e5d genom hela inredningen och skapar en enhetlig och stilren design i olika milj\u00f6er.","designer":"Patrik Bengtsson & Pierre Sindre","product_data_real":{"expandable_colors":{"order":2,"color_row_heading":"F\u00e4rger","colors":[{"actual_colors_row_heading":"Sits och rygg ljus eklaminat","row_colors":[{"image_of_color":1799}]},{"actual_colors_row_heading":"RAL5009, RAL6034, RAL6021, RAL1018","row_colors":[{"image_of_color":1801},{"image_of_color":1800},{"image_of_color":1802},{"image_of_color":1803}]},{"actual_colors_row_heading":"RAL6015, RAL7043, RAL9003, RAL3016","row_colors":[{"image_of_color":1804},{"image_of_color":1805},{"image_of_color":1806},{"image_of_color":1807}]}]},"expandable_row":[{"expandable_heading":"Varianter","advanced_row":true,"allow_favorites":true,"plain_test_content":false,"content":"","row_content":[{"label":"Sitsbredd","value":"350 mm"},{"label":"Sitsdjup","value":"330 mm"},{"label":"Sitth\u00f6jd","value":"480\/560\/660 mm"},{"label":"Bredd","value":"420 mm"},{"label":"Djup","value":"490 mm"},{"label":"Vikt","value":"6\/6,3\/6,5 kg"}],"advance_row_content":[{"columns":[{"column_content":"Variant","column_image":""},{"column_content":"Art.nr","column_image":""},{"column_content":"Bredd","column_image":""},{"column_content":"Djup","column_image":""},{"column_content":"Sitsbredd","column_image":""},{"column_content":"Sitsdjup","column_image":""},{"column_content":"Sitth\u00f6jd","column_image":""},{"column_content":"Vikt","column_image":""}]},{"columns":[{"column_content":"","column_image":1949},{"column_content":"2114","column_image":""},{"column_content":"420 mm","column_image":""},{"column_content":"490 mm","column_image":""},{"column_content":"350 mm","column_image":""},{"column_content":"330 mm","column_image":""},{"column_content":"480 mm","column_image":""},{"column_content":"6 kg","column_image":""}]},{"columns":[{"column_content":"","column_image":1950},{"column_content":"2114","column_image":""},{"column_content":"420 mm","column_image":""},{"column_content":"490 mm","column_image":""},{"column_content":"350 mm","column_image":""},{"column_content":"330 mm","column_image":""},{"column_content":"560 mm","column_image":""},{"column_content":"6,3 kg","column_image":""}]},{"columns":[{"column_content":"","column_image":1951},{"column_content":"2114","column_image":""},{"column_content":"420 mm","column_image":""},{"column_content":"490 mm","column_image":""},{"column_content":"350 mm","column_image":""},{"column_content":"330 mm","column_image":""},{"column_content":"660 mm","column_image":""},{"column_content":"6,5 kg","column_image":""}]}]},{"expandable_heading":"Material","advanced_row":false,"allow_favorites":false,"plain_test_content":false,"content":"","row_content":[{"label":"Sits och rygg","value":"H\u00f6gtryckslaminat"},{"label":"Stativ","value":"Pulverlackerat st\u00e5lstativ"}],"advance_row_content":null},{"expandable_heading":"Certifikat","advanced_row":false,"allow_favorites":false,"plain_test_content":false,"content":"","row_content":[{"label":"Tester","value":"EN 1729"},{"label":"Certifiering","value":"M\u00f6belfakta"}],"advance_row_content":null}],"documents":[{"file":"","link":{"title":"Dwg","url":"https:\/\/catalogs.pcon-solutions.com\/#\/brands\/o-a64c89a3a77c4072993b1349d1a144b6\/catalog?c=c-d25ddd976a8f4da59bb8d77b9e31cfb5","target":"_blank"}},{"file":"","link":{"title":"Atlas Serie","url":"https:\/\/ipaper.ipapercms.dk\/SonoGroup\/tranaas-skolmobler\/atlas\/","target":""}},{"file":"","link":{"title":"Atlas English","url":"https:\/\/ipaper.ipapercms.dk\/SonoGroup\/tranaas-skolmobler\/atlas-english\/?page=1","target":"_blank"}},{"file":"","link":{"title":"M\u00f6belfakta","url":"https:\/\/www.mobelfakta.se\/Details.html?id=1661","target":"_blank"}}]},"product_block":[{"acf_fc_layout":"large_media","media_type":"image","image":438,"embed_url":"","autoplay":false,"video":null,"content":""},{"acf_fc_layout":"content_block","order":"content-media","heading":"Stegl\u00f6st st\u00e4llbar fotplatta","content_background_color":"bg--primary","media_type":"image","embed_url":"","autoplay":false,"video":null,"image":433},{"acf_fc_layout":"large_media","media_type":"image","image":437,"embed_url":"","autoplay":false,"video":null,"content":""},{"acf_fc_layout":"large_media","media_type":"image","image":1899,"embed_url":"","autoplay":false,"video":null,"content":""}],"full_width_media":{"hide_module":false,"":null,"media_type":"image","media_size":"full","image":"","video":null,"embed_url":"","content_layout":"default","heading":"","content":"","link_target":""},"related_products":{"heading":"Relaterade produkter","products":[302,303,228]},"more_related_products":{"heading":"Funkar bra med...","products":[233,246]},"search_keywords":"elevstol\r\nfotplatta\r\n"},"yoast_head":"<!-- This site is optimized with the Yoast SEO plugin v21.6 - https:\/\/yoast.com\/wordpress\/plugins\/seo\/ -->\n<title>Atlas 2114 - Tran\u00e5s Skolm\u00f6bler<\/title>\n<meta name=\"robots\" content=\"index, follow, max-snippet:-1, max-image-preview:large, max-video-preview:-1\" \/>\n<link rel=\"canonical\" href=\"https:\/\/dev.yellon.se\/sonobrands\/tranas-skolmobler\/product\/atlas-2114\/\" \/>\n<meta property=\"og:locale\" content=\"en_US\" \/>\n<meta property=\"og:type\" content=\"article\" \/>\n<meta property=\"og:title\" content=\"Atlas 2114 - Tran\u00e5s Skolm\u00f6bler\" \/>\n<meta property=\"og:url\" content=\"https:\/\/dev.yellon.se\/sonobrands\/tranas-skolmobler\/product\/atlas-2114\/\" \/>\n<meta property=\"og:site_name\" content=\"Tran\u00e5s Skolm\u00f6bler\" \/>\n<meta property=\"article:modified_time\" content=\"2026-02-11T15:41:34+00:00\" \/>\n<meta name=\"twitter:card\" content=\"summary_large_image\" \/>\n<meta name=\"twitter:label1\" content=\"Est. reading time\" \/>\n\t<meta name=\"twitter:data1\" content=\"6 minutes\" \/>\n<script type=\"application\/ld+json\" class=\"yoast-schema-graph\">{\"@context\":\"https:\/\/schema.org\",\"@graph\":[{\"@type\":\"WebPage\",\"@id\":\"https:\/\/dev.yellon.se\/sonobrands\/tranas-skolmobler\/product\/atlas-2114\/\",\"url\":\"https:\/\/dev.yellon.se\/sonobrands\/tranas-skolmobler\/product\/atlas-2114\/\",\"name\":\"Atlas 2114 - Tran\u00e5s Skolm\u00f6bler\",\"isPartOf\":{\"@id\":\"https:\/\/dev.yellon.se\/sonobrands\/tranas-skolmobler\/#website\"},\"datePublished\":\"2023-06-22T06:16:00+00:00\",\"dateModified\":\"2026-02-11T15:41:34+00:00\",\"breadcrumb\":{\"@id\":\"https:\/\/dev.yellon.se\/sonobrands\/tranas-skolmobler\/product\/atlas-2114\/#breadcrumb\"},\"inLanguage\":\"en-US\",\"potentialAction\":[{\"@type\":\"ReadAction\",\"target\":[\"https:\/\/dev.yellon.se\/sonobrands\/tranas-skolmobler\/product\/atlas-2114\/\"]}]},{\"@type\":\"BreadcrumbList\",\"@id\":\"https:\/\/dev.yellon.se\/sonobrands\/tranas-skolmobler\/product\/atlas-2114\/#breadcrumb\",\"itemListElement\":[{\"@type\":\"ListItem\",\"position\":1,\"name\":\"Home\",\"item\":\"https:\/\/dev.yellon.se\/sonobrands\/tranas-skolmobler\/\"},{\"@type\":\"ListItem\",\"position\":2,\"name\":\"Atlas 2114\"}]},{\"@type\":\"WebSite\",\"@id\":\"https:\/\/dev.yellon.se\/sonobrands\/tranas-skolmobler\/#website\",\"url\":\"https:\/\/dev.yellon.se\/sonobrands\/tranas-skolmobler\/\",\"name\":\"Tran\u00e5s Skolm\u00f6bler\",\"description\":\"Sono Brands\",\"potentialAction\":[{\"@type\":\"SearchAction\",\"target\":{\"@type\":\"EntryPoint\",\"urlTemplate\":\"https:\/\/dev.yellon.se\/sonobrands\/tranas-skolmobler\/?s={search_term_string}\"},\"query-input\":\"required name=search_term_string\"}],\"inLanguage\":\"en-US\"}]}<\/script>\n<!-- \/ Yoast SEO plugin. -->","yoast_head_json":{"title":"Atlas 2114 - Tran\u00e5s Skolm\u00f6bler","robots":{"index":"index","follow":"follow","max-snippet":"max-snippet:-1","max-image-preview":"max-image-preview:large","max-video-preview":"max-video-preview:-1"},"canonical":"https:\/\/dev.yellon.se\/sonobrands\/tranas-skolmobler\/product\/atlas-2114\/","og_locale":"en_US","og_type":"article","og_title":"Atlas 2114 - Tran\u00e5s Skolm\u00f6bler","og_url":"https:\/\/dev.yellon.se\/sonobrands\/tranas-skolmobler\/product\/atlas-2114\/","og_site_name":"Tran\u00e5s Skolm\u00f6bler","article_modified_time":"2026-02-11T15:41:34+00:00","twitter_card":"summary_large_image","twitter_misc":{"Est. reading time":"6 minutes"},"schema":{"@context":"https:\/\/schema.org","@graph":[{"@type":"WebPage","@id":"https:\/\/dev.yellon.se\/sonobrands\/tranas-skolmobler\/product\/atlas-2114\/","url":"https:\/\/dev.yellon.se\/sonobrands\/tranas-skolmobler\/product\/atlas-2114\/","name":"Atlas 2114 - Tran\u00e5s Skolm\u00f6bler","isPartOf":{"@id":"https:\/\/dev.yellon.se\/sonobrands\/tranas-skolmobler\/#website"},"datePublished":"2023-06-22T06:16:00+00:00","dateModified":"2026-02-11T15:41:34+00:00","breadcrumb":{"@id":"https:\/\/dev.yellon.se\/sonobrands\/tranas-skolmobler\/product\/atlas-2114\/#breadcrumb"},"inLanguage":"en-US","potentialAction":[{"@type":"ReadAction","target":["https:\/\/dev.yellon.se\/sonobrands\/tranas-skolmobler\/product\/atlas-2114\/"]}]},{"@type":"BreadcrumbList","@id":"https:\/\/dev.yellon.se\/sonobrands\/tranas-skolmobler\/product\/atlas-2114\/#breadcrumb","itemListElement":[{"@type":"ListItem","position":1,"name":"Home","item":"https:\/\/dev.yellon.se\/sonobrands\/tranas-skolmobler\/"},{"@type":"ListItem","position":2,"name":"Atlas 2114"}]},{"@type":"WebSite","@id":"https:\/\/dev.yellon.se\/sonobrands\/tranas-skolmobler\/#website","url":"https:\/\/dev.yellon.se\/sonobrands\/tranas-skolmobler\/","name":"Tran\u00e5s Skolm\u00f6bler","description":"Sono Brands","potentialAction":[{"@type":"SearchAction","target":{"@type":"EntryPoint","urlTemplate":"https:\/\/dev.yellon.se\/sonobrands\/tranas-skolmobler\/?s={search_term_string}"},"query-input":"required name=search_term_string"}],"inLanguage":"en-US"}]}},"featured_img_src":"https:\/\/dev.yellon.se\/sonobrands\/tranas-skolmobler\/wp-content\/uploads\/2023\/06\/atlas2114_3016_48.jpg","_links":{"self":[{"href":"https:\/\/dev.yellon.se\/sonobrands\/tranas-skolmobler\/wp-json\/wp\/v2\/products\/230"}],"collection":[{"href":"https:\/\/dev.yellon.se\/sonobrands\/tranas-skolmobler\/wp-json\/wp\/v2\/products"}],"about":[{"href":"https:\/\/dev.yellon.se\/sonobrands\/tranas-skolmobler\/wp-json\/wp\/v2\/types\/products"}],"wp:attachment":[{"href":"https:\/\/dev.yellon.se\/sonobrands\/tranas-skolmobler\/wp-json\/wp\/v2\/media?parent=230"}],"wp:term":[{"taxonomy":"product_cat","embeddable":true,"href":"https:\/\/dev.yellon.se\/sonobrands\/tranas-skolmobler\/wp-json\/wp\/v2\/product_cat?post=230"}],"curies":[{"name":"wp","href":"https:\/\/api.w.org\/{rel}","templated":true}]}}