{"id":271,"date":"2023-06-27T09:25:01","date_gmt":"2023-06-27T08:25:01","guid":{"rendered":"http:\/\/sono.local\/?post_type=products&#038;p=271"},"modified":"2025-12-10T14:58:41","modified_gmt":"2025-12-10T12:58:41","slug":"ladbord-128","status":"publish","type":"products","link":"https:\/\/dev.yellon.se\/sonobrands\/tranas-skolmobler\/product\/ladbord-128\/","title":{"rendered":"L\u00e5dbord 128"},"content":{"rendered":"","protected":false},"template":"","product_cat":[7,141],"acf":{"enable_advanced_product_template":true,"product_image":{"featured_image":710,"gallery_images":[{"image":711},{"image":712}]},"product_description":"L\u00e5dbord 128 med st\u00e4llbar h\u00f6jd. L\u00e5dan \u00e4r utformad s\u00e5 att locket lutar ca 5\u00b0. Locket kan planst\u00e4llas med en bygel i l\u00e5dan. Skolb\u00e4nksl\u00e5dan och den horisontella framplattan \u00e4r i massiv bj\u00f6rk med integrerad pennr\u00e4nna. Locket g\u00e5r att f\u00e5 med h\u00f6gtryckslaminat, linoleum eller ljudd\u00e4mpande h\u00f6gtryckslaminat. Pelarstativ av st\u00e5lr\u00f6r med tv\u00e5 v\u00e4skkrokar. Passar bra som elevbord till l\u00e5g- och mellanstadiet.\r\n<p class=\"\" data-start=\"127\" data-end=\"360\">Vid tillverkning av v\u00e5ra massiva tr\u00e4detaljer str\u00e4var vi efter att anv\u00e4nda s\u00e5 mycket av materialet som m\u00f6jligt. Det \u00e4r ett medvetet val f\u00f6r att minska svinn och ta tillvara p\u00e5 hela tr\u00e4stycket \u2013 en viktig del av v\u00e5rt h\u00e5llbarhetsarbete.<\/p>\r\n<p class=\"\" data-start=\"362\" data-end=\"571\">Detta inneb\u00e4r att tr\u00e4detaljerna kan variera i b\u00e5de f\u00e4rgton och utseende beroende p\u00e5 tr\u00e4slagets naturliga skiftningar. \u00c5dring, struktur och nyans kan skilja sig fr\u00e5n del till del, vilket g\u00f6r varje produkt unik.<\/p>","designer":"","product_data_real":{"expandable_colors":{"order":2,"color_row_heading":"F\u00e4rger","colors":[{"actual_colors_row_heading":"Laminat Bj\u00f6rk, Vit, Ljusgr\u00e5","row_colors":[{"image_of_color":1829},{"image_of_color":1817},{"image_of_color":1813}]},{"actual_colors_row_heading":"Linoleum 131-012, 121-053, 121-059","row_colors":[{"image_of_color":1825},{"image_of_color":1824},{"image_of_color":1826}]},{"actual_colors_row_heading":"Stativ RAL9003, RAL9006, RAL9005","row_colors":[{"image_of_color":1816},{"image_of_color":1815},{"image_of_color":1814}]}]},"expandable_row":[{"expandable_heading":"M\u00e5tt","advanced_row":false,"allow_favorites":false,"plain_test_content":false,"content":"","row_content":[{"label":"Bredd","value":"650 mm"},{"label":"Djup","value":"550 mm"},{"label":"H\u00f6jd","value":"690-930 mm ( mot eleven) 30 mm intervaller"}],"advance_row_content":null},{"expandable_heading":"Material","advanced_row":false,"allow_favorites":false,"plain_test_content":false,"content":"","row_content":[{"label":"Bordsskiva","value":"H\u00f6gtryckslaminat\/ Linoleum\/ Ljudd\u00e4mpande h\u00f6gtryckslaminat"},{"label":"Stativ","value":"Pulverlackat st\u00e5lstativ"}],"advance_row_content":null},{"expandable_heading":"Certifikat","advanced_row":false,"allow_favorites":false,"plain_test_content":false,"content":"","row_content":[{"label":"Testad","value":"EN 1729-2:2012+A1:2016"},{"label":"M\u00f6belfakta","value":""}],"advance_row_content":null}],"documents":[{"file":"","link":{"title":"Dwg","url":"https:\/\/catalogs.pcon-solutions.com\/#\/brands\/o-a64c89a3a77c4072993b1349d1a144b6\/catalog?c=c-65cdfa26a7de4955823ee2b3fcab9eb6","target":"_blank"}},{"file":"","link":{"title":"M\u00f6belfakta","url":"https:\/\/www.mobelfakta.se\/Details.html?id=2089","target":"_blank"}}]},"product_block":[{"acf_fc_layout":"large_media","media_type":"image","image":1844,"embed_url":"","autoplay":false,"video":null,"content":""},{"acf_fc_layout":"large_media","media_type":"image","image":1970,"embed_url":"","autoplay":false,"video":null,"content":""},{"acf_fc_layout":"content_block","order":"content-media","heading":"Praktisk f\u00f6rvaring i l\u00e5dan.","content_background_color":"bg--primary","media_type":"image","embed_url":"","autoplay":false,"video":null,"image":1971},{"acf_fc_layout":"content_block","order":"media-content","heading":"Praktisk v\u00e4skkrok","content_background_color":"bg--primary","media_type":"image","embed_url":"","autoplay":false,"video":null,"image":2527},{"acf_fc_layout":"large_media","media_type":"image","image":1972,"embed_url":"","autoplay":false,"video":null,"content":""},{"acf_fc_layout":"large_media","media_type":"image","image":1348,"embed_url":"","autoplay":false,"video":null,"content":""}],"full_width_media":{"hide_module":false,"":null,"media_type":"image","media_size":"full","image":"","video":null,"embed_url":"","content_layout":"default","heading":"","content":"","link_target":""},"related_products":{"heading":"Relaterade produkter","products":[272,233]},"more_related_products":{"heading":"Funkar bra med...","products":[298,299,300,301,302,303]},"search_keywords":"skolb\u00e4nk\r\n129\r\nbord med l\u00e5da\r\nklassrum"},"yoast_head":"<!-- This site is optimized with the Yoast SEO plugin v21.6 - https:\/\/yoast.com\/wordpress\/plugins\/seo\/ -->\n<title>L\u00e5dbord 128 - Tran\u00e5s Skolm\u00f6bler<\/title>\n<meta name=\"robots\" content=\"index, follow, max-snippet:-1, max-image-preview:large, max-video-preview:-1\" \/>\n<link rel=\"canonical\" href=\"https:\/\/dev.yellon.se\/sonobrands\/tranas-skolmobler\/product\/ladbord-128\/\" \/>\n<meta property=\"og:locale\" content=\"en_US\" \/>\n<meta property=\"og:type\" content=\"article\" \/>\n<meta property=\"og:title\" content=\"L\u00e5dbord 128 - Tran\u00e5s Skolm\u00f6bler\" \/>\n<meta property=\"og:url\" content=\"https:\/\/dev.yellon.se\/sonobrands\/tranas-skolmobler\/product\/ladbord-128\/\" \/>\n<meta property=\"og:site_name\" content=\"Tran\u00e5s Skolm\u00f6bler\" \/>\n<meta property=\"article:modified_time\" content=\"2025-12-10T12:58:41+00:00\" \/>\n<meta name=\"twitter:card\" content=\"summary_large_image\" \/>\n<meta name=\"twitter:label1\" content=\"Est. reading time\" \/>\n\t<meta name=\"twitter:data1\" content=\"5 minutes\" \/>\n<script type=\"application\/ld+json\" class=\"yoast-schema-graph\">{\"@context\":\"https:\/\/schema.org\",\"@graph\":[{\"@type\":\"WebPage\",\"@id\":\"https:\/\/dev.yellon.se\/sonobrands\/tranas-skolmobler\/product\/ladbord-128\/\",\"url\":\"https:\/\/dev.yellon.se\/sonobrands\/tranas-skolmobler\/product\/ladbord-128\/\",\"name\":\"L\u00e5dbord 128 - Tran\u00e5s Skolm\u00f6bler\",\"isPartOf\":{\"@id\":\"https:\/\/dev.yellon.se\/sonobrands\/tranas-skolmobler\/#website\"},\"datePublished\":\"2023-06-27T08:25:01+00:00\",\"dateModified\":\"2025-12-10T12:58:41+00:00\",\"breadcrumb\":{\"@id\":\"https:\/\/dev.yellon.se\/sonobrands\/tranas-skolmobler\/product\/ladbord-128\/#breadcrumb\"},\"inLanguage\":\"en-US\",\"potentialAction\":[{\"@type\":\"ReadAction\",\"target\":[\"https:\/\/dev.yellon.se\/sonobrands\/tranas-skolmobler\/product\/ladbord-128\/\"]}]},{\"@type\":\"BreadcrumbList\",\"@id\":\"https:\/\/dev.yellon.se\/sonobrands\/tranas-skolmobler\/product\/ladbord-128\/#breadcrumb\",\"itemListElement\":[{\"@type\":\"ListItem\",\"position\":1,\"name\":\"Home\",\"item\":\"https:\/\/dev.yellon.se\/sonobrands\/tranas-skolmobler\/\"},{\"@type\":\"ListItem\",\"position\":2,\"name\":\"L\u00e5dbord 128\"}]},{\"@type\":\"WebSite\",\"@id\":\"https:\/\/dev.yellon.se\/sonobrands\/tranas-skolmobler\/#website\",\"url\":\"https:\/\/dev.yellon.se\/sonobrands\/tranas-skolmobler\/\",\"name\":\"Tran\u00e5s Skolm\u00f6bler\",\"description\":\"Sono Brands\",\"potentialAction\":[{\"@type\":\"SearchAction\",\"target\":{\"@type\":\"EntryPoint\",\"urlTemplate\":\"https:\/\/dev.yellon.se\/sonobrands\/tranas-skolmobler\/?s={search_term_string}\"},\"query-input\":\"required name=search_term_string\"}],\"inLanguage\":\"en-US\"}]}<\/script>\n<!-- \/ Yoast SEO plugin. -->","yoast_head_json":{"title":"L\u00e5dbord 128 - Tran\u00e5s Skolm\u00f6bler","robots":{"index":"index","follow":"follow","max-snippet":"max-snippet:-1","max-image-preview":"max-image-preview:large","max-video-preview":"max-video-preview:-1"},"canonical":"https:\/\/dev.yellon.se\/sonobrands\/tranas-skolmobler\/product\/ladbord-128\/","og_locale":"en_US","og_type":"article","og_title":"L\u00e5dbord 128 - Tran\u00e5s Skolm\u00f6bler","og_url":"https:\/\/dev.yellon.se\/sonobrands\/tranas-skolmobler\/product\/ladbord-128\/","og_site_name":"Tran\u00e5s Skolm\u00f6bler","article_modified_time":"2025-12-10T12:58:41+00:00","twitter_card":"summary_large_image","twitter_misc":{"Est. reading time":"5 minutes"},"schema":{"@context":"https:\/\/schema.org","@graph":[{"@type":"WebPage","@id":"https:\/\/dev.yellon.se\/sonobrands\/tranas-skolmobler\/product\/ladbord-128\/","url":"https:\/\/dev.yellon.se\/sonobrands\/tranas-skolmobler\/product\/ladbord-128\/","name":"L\u00e5dbord 128 - Tran\u00e5s Skolm\u00f6bler","isPartOf":{"@id":"https:\/\/dev.yellon.se\/sonobrands\/tranas-skolmobler\/#website"},"datePublished":"2023-06-27T08:25:01+00:00","dateModified":"2025-12-10T12:58:41+00:00","breadcrumb":{"@id":"https:\/\/dev.yellon.se\/sonobrands\/tranas-skolmobler\/product\/ladbord-128\/#breadcrumb"},"inLanguage":"en-US","potentialAction":[{"@type":"ReadAction","target":["https:\/\/dev.yellon.se\/sonobrands\/tranas-skolmobler\/product\/ladbord-128\/"]}]},{"@type":"BreadcrumbList","@id":"https:\/\/dev.yellon.se\/sonobrands\/tranas-skolmobler\/product\/ladbord-128\/#breadcrumb","itemListElement":[{"@type":"ListItem","position":1,"name":"Home","item":"https:\/\/dev.yellon.se\/sonobrands\/tranas-skolmobler\/"},{"@type":"ListItem","position":2,"name":"L\u00e5dbord 128"}]},{"@type":"WebSite","@id":"https:\/\/dev.yellon.se\/sonobrands\/tranas-skolmobler\/#website","url":"https:\/\/dev.yellon.se\/sonobrands\/tranas-skolmobler\/","name":"Tran\u00e5s Skolm\u00f6bler","description":"Sono Brands","potentialAction":[{"@type":"SearchAction","target":{"@type":"EntryPoint","urlTemplate":"https:\/\/dev.yellon.se\/sonobrands\/tranas-skolmobler\/?s={search_term_string}"},"query-input":"required name=search_term_string"}],"inLanguage":"en-US"}]}},"featured_img_src":"https:\/\/dev.yellon.se\/sonobrands\/tranas-skolmobler\/wp-content\/uploads\/2023\/06\/406368_1.jpg","_links":{"self":[{"href":"https:\/\/dev.yellon.se\/sonobrands\/tranas-skolmobler\/wp-json\/wp\/v2\/products\/271"}],"collection":[{"href":"https:\/\/dev.yellon.se\/sonobrands\/tranas-skolmobler\/wp-json\/wp\/v2\/products"}],"about":[{"href":"https:\/\/dev.yellon.se\/sonobrands\/tranas-skolmobler\/wp-json\/wp\/v2\/types\/products"}],"wp:attachment":[{"href":"https:\/\/dev.yellon.se\/sonobrands\/tranas-skolmobler\/wp-json\/wp\/v2\/media?parent=271"}],"wp:term":[{"taxonomy":"product_cat","embeddable":true,"href":"https:\/\/dev.yellon.se\/sonobrands\/tranas-skolmobler\/wp-json\/wp\/v2\/product_cat?post=271"}],"curies":[{"name":"wp","href":"https:\/\/api.w.org\/{rel}","templated":true}]}}