{"id":289,"date":"2023-06-21T12:44:00","date_gmt":"2023-06-21T11:44:00","guid":{"rendered":"http:\/\/sono.local\/?post_type=products&#038;p=289"},"modified":"2026-02-11T15:34:23","modified_gmt":"2026-02-11T13:34:23","slug":"add-5901","status":"publish","type":"products","link":"https:\/\/dev.yellon.se\/sonobrands\/tranas-skolmobler\/product\/add-5901\/","title":{"rendered":"Add 5901"},"content":{"rendered":"","protected":false},"template":"","product_cat":[138,6],"acf":{"enable_advanced_product_template":true,"product_image":{"featured_image":389,"gallery_images":[{"image":392},{"image":391},{"image":390},{"image":393},{"image":403}]},"product_description":"Stapelbar stol Add med formpressat skal belagd med h\u00f6gtryckslaminat. Lackerat st\u00e5lstativ med ledbara golvskydd med nylonyta. Add finns med och utan armst\u00f6d. Stolen \u00e4r upph\u00e4ngningsbar p\u00e5 armst\u00f6den. Stolen g\u00e5r att f\u00e5 med sittskal i tr\u00e4, kl\u00e4dd sits eller helkl\u00e4dd. Rekommenderas till matsalar och uppeh\u00e5llsrum. I m\u00f6belserien Add finns \u00e4ven bord och barpall. Tyg\u00e5tg\u00e5ng helkl\u00e4dd stol 0,6\/150 m.","designer":"Fredrik Mattson","product_data_real":{"expandable_colors":{"order":2,"color_row_heading":"F\u00e4rger","colors":[{"actual_colors_row_heading":"Sittskal Bj\u00f6rk, Ljus eklaminat","row_colors":[{"image_of_color":1812},{"image_of_color":1799}]},{"actual_colors_row_heading":"RAL9003, RAL9006, RAL9005, RAL5009, RAL6034","row_colors":[{"image_of_color":1816},{"image_of_color":1815},{"image_of_color":1814},{"image_of_color":1801},{"image_of_color":1800}]},{"actual_colors_row_heading":"RAL6021, RAL1018, RAL6015, RAL7043, RAL3016","row_colors":[{"image_of_color":1802},{"image_of_color":1803},{"image_of_color":1804},{"image_of_color":1805},{"image_of_color":1807}]}]},"expandable_row":[{"expandable_heading":"Varianter","advanced_row":true,"allow_favorites":false,"plain_test_content":false,"content":"","row_content":[{"label":"Bredd","value":"495 mm "},{"label":"Bredd med armst\u00f6d","value":"530 mm"},{"label":"Djup","value":"480 mm"},{"label":"H\u00f6jd","value":"780 mm"},{"label":"Sitth\u00f6jd","value":"440 mm"},{"label":"Sitsbredd","value":"420 mm"},{"label":"Sitsdjup","value":"390 mm"},{"label":"Vikt","value":"4 kg \/4,5 kg med armst\u00f6d"}],"advance_row_content":[{"columns":[{"column_content":"Modell","column_image":""},{"column_content":"Bredd","column_image":""},{"column_content":"Djup","column_image":""},{"column_content":"H\u00f6jd","column_image":""},{"column_content":"Sitth\u00f6jd","column_image":""},{"column_content":"Sitsbredd","column_image":""},{"column_content":"Sitsdjup","column_image":""},{"column_content":"Vikt","column_image":""}]},{"columns":[{"column_content":"Utan armst\u00f6d","column_image":2191},{"column_content":"495 mm","column_image":""},{"column_content":"480 mm","column_image":""},{"column_content":"780 mm","column_image":""},{"column_content":"440 mm","column_image":""},{"column_content":"420 mm","column_image":""},{"column_content":"390 mm","column_image":""},{"column_content":"4 kg","column_image":""}]},{"columns":[{"column_content":"Med armst\u00f6d","column_image":2190},{"column_content":"530 mm","column_image":""},{"column_content":"480 mm","column_image":""},{"column_content":"780 mm","column_image":""},{"column_content":"440 mm","column_image":""},{"column_content":"420 mm","column_image":""},{"column_content":"390 mm","column_image":""},{"column_content":"4,5 kg","column_image":""}]}]},{"expandable_heading":"Material","advanced_row":false,"allow_favorites":false,"plain_test_content":false,"content":"","row_content":[{"label":"Sittskal","value":"Vitpigmenterad eklaminat"},{"label":"Stativ","value":"Pulverlackerat st\u00e5lstativ"}],"advance_row_content":null},{"expandable_heading":"Certifikat","advanced_row":false,"allow_favorites":false,"plain_test_content":false,"content":"","row_content":[{"label":"Testad","value":"EN 16139"},{"label":"M\u00f6belfakta","value":""}],"advance_row_content":null}],"documents":[{"file":"","link":{"title":"Dwg","url":"https:\/\/catalogs.pcon-solutions.com\/#\/brands\/o-a64c89a3a77c4072993b1349d1a144b6\/catalog?c=c-f088a592b04e44ac8578e0e35e06e3e4","target":"_blank"}},{"file":"","link":{"title":"M\u00f6belfakta 5901","url":"https:\/\/www.mobelfakta.se\/Details.html?id=2361","target":"_blank"}},{"file":"","link":{"title":"M\u00f6belfakta 5901 karm","url":"https:\/\/www.mobelfakta.se\/Details.html?id=4018","target":"_blank"}},{"file":"","link":{"title":"ADD Svenska","url":"https:\/\/ipaper.ipapercms.dk\/SonoGroup\/tranaas-skolmobler\/add\/","target":"_blank"}},{"file":"","link":{"title":"ADD English","url":"https:\/\/ipaper.ipapercms.dk\/SonoGroup\/tranaas-skolmobler\/add-english\/?page=1","target":"_blank"}}]},"product_block":[{"acf_fc_layout":"large_media","media_type":"image","image":1909,"embed_url":"","autoplay":false,"video":null,"content":""},{"acf_fc_layout":"content_block","order":"content-media","heading":"Stadig p\u00e5 fyra ben","content_background_color":"bg--primary","media_type":"image","embed_url":"","autoplay":false,"video":null,"image":1908},{"acf_fc_layout":"large_media","media_type":"image","image":1910,"embed_url":"","autoplay":false,"video":null,"content":""},{"acf_fc_layout":"large_media","media_type":"image","image":1342,"embed_url":"","autoplay":false,"video":null,"content":""}],"full_width_media":{"hide_module":false,"":null,"media_type":"image","media_size":"full","image":"","video":null,"embed_url":"","content_layout":"default","heading":"","content":"","link_target":""},"related_products":{"heading":"Relaterade produkter","products":[290,238]},"more_related_products":{"heading":"Funkar bra med...","products":[243,245]},"search_keywords":"stapelbar\r\nmatsalsstol\r\nkl\u00e4dd stol\r\n"},"yoast_head":"<!-- This site is optimized with the Yoast SEO plugin v21.6 - https:\/\/yoast.com\/wordpress\/plugins\/seo\/ -->\n<title>Add 5901 - Tran\u00e5s Skolm\u00f6bler<\/title>\n<meta name=\"robots\" content=\"index, follow, max-snippet:-1, max-image-preview:large, max-video-preview:-1\" \/>\n<link rel=\"canonical\" href=\"https:\/\/dev.yellon.se\/sonobrands\/tranas-skolmobler\/product\/add-5901\/\" \/>\n<meta property=\"og:locale\" content=\"en_US\" \/>\n<meta property=\"og:type\" content=\"article\" \/>\n<meta property=\"og:title\" content=\"Add 5901 - Tran\u00e5s Skolm\u00f6bler\" \/>\n<meta property=\"og:url\" content=\"https:\/\/dev.yellon.se\/sonobrands\/tranas-skolmobler\/product\/add-5901\/\" \/>\n<meta property=\"og:site_name\" content=\"Tran\u00e5s Skolm\u00f6bler\" \/>\n<meta property=\"article:modified_time\" content=\"2026-02-11T13:34:23+00:00\" \/>\n<meta name=\"twitter:card\" content=\"summary_large_image\" \/>\n<meta name=\"twitter:label1\" content=\"Est. reading time\" \/>\n\t<meta name=\"twitter:data1\" content=\"6 minutes\" \/>\n<script type=\"application\/ld+json\" class=\"yoast-schema-graph\">{\"@context\":\"https:\/\/schema.org\",\"@graph\":[{\"@type\":\"WebPage\",\"@id\":\"https:\/\/dev.yellon.se\/sonobrands\/tranas-skolmobler\/product\/add-5901\/\",\"url\":\"https:\/\/dev.yellon.se\/sonobrands\/tranas-skolmobler\/product\/add-5901\/\",\"name\":\"Add 5901 - Tran\u00e5s Skolm\u00f6bler\",\"isPartOf\":{\"@id\":\"https:\/\/dev.yellon.se\/sonobrands\/tranas-skolmobler\/#website\"},\"datePublished\":\"2023-06-21T11:44:00+00:00\",\"dateModified\":\"2026-02-11T13:34:23+00:00\",\"breadcrumb\":{\"@id\":\"https:\/\/dev.yellon.se\/sonobrands\/tranas-skolmobler\/product\/add-5901\/#breadcrumb\"},\"inLanguage\":\"en-US\",\"potentialAction\":[{\"@type\":\"ReadAction\",\"target\":[\"https:\/\/dev.yellon.se\/sonobrands\/tranas-skolmobler\/product\/add-5901\/\"]}]},{\"@type\":\"BreadcrumbList\",\"@id\":\"https:\/\/dev.yellon.se\/sonobrands\/tranas-skolmobler\/product\/add-5901\/#breadcrumb\",\"itemListElement\":[{\"@type\":\"ListItem\",\"position\":1,\"name\":\"Home\",\"item\":\"https:\/\/dev.yellon.se\/sonobrands\/tranas-skolmobler\/\"},{\"@type\":\"ListItem\",\"position\":2,\"name\":\"Add 5901\"}]},{\"@type\":\"WebSite\",\"@id\":\"https:\/\/dev.yellon.se\/sonobrands\/tranas-skolmobler\/#website\",\"url\":\"https:\/\/dev.yellon.se\/sonobrands\/tranas-skolmobler\/\",\"name\":\"Tran\u00e5s Skolm\u00f6bler\",\"description\":\"Sono Brands\",\"potentialAction\":[{\"@type\":\"SearchAction\",\"target\":{\"@type\":\"EntryPoint\",\"urlTemplate\":\"https:\/\/dev.yellon.se\/sonobrands\/tranas-skolmobler\/?s={search_term_string}\"},\"query-input\":\"required name=search_term_string\"}],\"inLanguage\":\"en-US\"}]}<\/script>\n<!-- \/ Yoast SEO plugin. -->","yoast_head_json":{"title":"Add 5901 - Tran\u00e5s Skolm\u00f6bler","robots":{"index":"index","follow":"follow","max-snippet":"max-snippet:-1","max-image-preview":"max-image-preview:large","max-video-preview":"max-video-preview:-1"},"canonical":"https:\/\/dev.yellon.se\/sonobrands\/tranas-skolmobler\/product\/add-5901\/","og_locale":"en_US","og_type":"article","og_title":"Add 5901 - Tran\u00e5s Skolm\u00f6bler","og_url":"https:\/\/dev.yellon.se\/sonobrands\/tranas-skolmobler\/product\/add-5901\/","og_site_name":"Tran\u00e5s Skolm\u00f6bler","article_modified_time":"2026-02-11T13:34:23+00:00","twitter_card":"summary_large_image","twitter_misc":{"Est. reading time":"6 minutes"},"schema":{"@context":"https:\/\/schema.org","@graph":[{"@type":"WebPage","@id":"https:\/\/dev.yellon.se\/sonobrands\/tranas-skolmobler\/product\/add-5901\/","url":"https:\/\/dev.yellon.se\/sonobrands\/tranas-skolmobler\/product\/add-5901\/","name":"Add 5901 - Tran\u00e5s Skolm\u00f6bler","isPartOf":{"@id":"https:\/\/dev.yellon.se\/sonobrands\/tranas-skolmobler\/#website"},"datePublished":"2023-06-21T11:44:00+00:00","dateModified":"2026-02-11T13:34:23+00:00","breadcrumb":{"@id":"https:\/\/dev.yellon.se\/sonobrands\/tranas-skolmobler\/product\/add-5901\/#breadcrumb"},"inLanguage":"en-US","potentialAction":[{"@type":"ReadAction","target":["https:\/\/dev.yellon.se\/sonobrands\/tranas-skolmobler\/product\/add-5901\/"]}]},{"@type":"BreadcrumbList","@id":"https:\/\/dev.yellon.se\/sonobrands\/tranas-skolmobler\/product\/add-5901\/#breadcrumb","itemListElement":[{"@type":"ListItem","position":1,"name":"Home","item":"https:\/\/dev.yellon.se\/sonobrands\/tranas-skolmobler\/"},{"@type":"ListItem","position":2,"name":"Add 5901"}]},{"@type":"WebSite","@id":"https:\/\/dev.yellon.se\/sonobrands\/tranas-skolmobler\/#website","url":"https:\/\/dev.yellon.se\/sonobrands\/tranas-skolmobler\/","name":"Tran\u00e5s Skolm\u00f6bler","description":"Sono Brands","potentialAction":[{"@type":"SearchAction","target":{"@type":"EntryPoint","urlTemplate":"https:\/\/dev.yellon.se\/sonobrands\/tranas-skolmobler\/?s={search_term_string}"},"query-input":"required name=search_term_string"}],"inLanguage":"en-US"}]}},"featured_img_src":"https:\/\/dev.yellon.se\/sonobrands\/tranas-skolmobler\/wp-content\/uploads\/2023\/06\/ADD_18.png","_links":{"self":[{"href":"https:\/\/dev.yellon.se\/sonobrands\/tranas-skolmobler\/wp-json\/wp\/v2\/products\/289"}],"collection":[{"href":"https:\/\/dev.yellon.se\/sonobrands\/tranas-skolmobler\/wp-json\/wp\/v2\/products"}],"about":[{"href":"https:\/\/dev.yellon.se\/sonobrands\/tranas-skolmobler\/wp-json\/wp\/v2\/types\/products"}],"wp:attachment":[{"href":"https:\/\/dev.yellon.se\/sonobrands\/tranas-skolmobler\/wp-json\/wp\/v2\/media?parent=289"}],"wp:term":[{"taxonomy":"product_cat","embeddable":true,"href":"https:\/\/dev.yellon.se\/sonobrands\/tranas-skolmobler\/wp-json\/wp\/v2\/product_cat?post=289"}],"curies":[{"name":"wp","href":"https:\/\/api.w.org\/{rel}","templated":true}]}}