{"id":292,"date":"2023-06-26T07:43:47","date_gmt":"2023-06-26T06:43:47","guid":{"rendered":"http:\/\/sono.local\/?post_type=products&#038;p=292"},"modified":"2025-12-10T15:19:44","modified_gmt":"2025-12-10T13:19:44","slug":"classic-156","status":"publish","type":"products","link":"https:\/\/dev.yellon.se\/sonobrands\/tranas-skolmobler\/product\/classic-156\/","title":{"rendered":"Classic 156"},"content":{"rendered":"","protected":false},"template":"","product_cat":[137,6],"acf":{"enable_advanced_product_template":false,"product_image":{"featured_image":544,"gallery_images":[{"image":541},{"image":545},{"image":546},{"image":543},{"image":542}]},"product_description":"H\u00f6g stol Classic 156 med sits och ryggbrickor av massiv bj\u00f6rk. Lackerat st\u00e5lstativ med fotst\u00f6d. Standardgolvskydd av plast. Gummigolvskydd eller filtgolvskydd finns som tillval. Passar bra som elevstol till h\u00f6gstadiet eller gymnasiet. Rekommenderad bordsh\u00f6jd 80 eller 90 cm.\r\n<p class=\"\" data-start=\"127\" data-end=\"360\">Vid tillverkning av v\u00e5ra massiva tr\u00e4detaljer str\u00e4var vi efter att anv\u00e4nda s\u00e5 mycket av materialet som m\u00f6jligt. Det \u00e4r ett medvetet val f\u00f6r att minska svinn och ta tillvara p\u00e5 hela tr\u00e4stycket \u2013 en viktig del av v\u00e5rt h\u00e5llbarhetsarbete.<\/p>\r\n<p class=\"\" data-start=\"362\" data-end=\"571\">Detta inneb\u00e4r att tr\u00e4detaljerna kan variera i b\u00e5de f\u00e4rgton och utseende beroende p\u00e5 tr\u00e4slagets naturliga skiftningar. \u00c5dring, struktur och nyans kan skilja sig fr\u00e5n del till del, vilket g\u00f6r varje produkt unik.<\/p>","designer":"","product_data_real":{"expandable_colors":{"order":2,"color_row_heading":"F\u00e4rger","colors":[{"actual_colors_row_heading":"Massiv bj\u00f6rk","row_colors":[{"image_of_color":1828}]},{"actual_colors_row_heading":"RAL9003, RAL9006, RAL9005","row_colors":[{"image_of_color":1816},{"image_of_color":1815},{"image_of_color":1814}]}]},"expandable_row":[{"expandable_heading":"M\u00e5tt","advanced_row":true,"allow_favorites":false,"plain_test_content":false,"content":"","row_content":[{"label":"Sitsbredd","value":" 410 mm"},{"label":"Sitsdjup","value":" 390 mm"},{"label":"Sitth\u00f6jd","value":" 520\/620 mm"},{"label":"Bredd","value":" 510 mm"},{"label":"Djup","value":" 450 mm"},{"label":"H\u00f6jd","value":" 845\/945 mm"},{"label":"Vikt","value":"6,2 kg"}],"advance_row_content":[{"columns":[{"column_content":"Modell","column_image":""},{"column_content":"Art.nr","column_image":""},{"column_content":"Bredd","column_image":""},{"column_content":"Djup","column_image":""},{"column_content":"H\u00f6jd","column_image":""},{"column_content":"Sitsbredd","column_image":""},{"column_content":"Sitsdjup","column_image":""},{"column_content":"Sitth\u00f6jd","column_image":""},{"column_content":"Vikt","column_image":""}]},{"columns":[{"column_content":"","column_image":540},{"column_content":"156","column_image":""},{"column_content":"510 mm","column_image":""},{"column_content":"450 mm","column_image":""},{"column_content":"845 mm","column_image":""},{"column_content":"410 mm","column_image":""},{"column_content":"390 mm","column_image":""},{"column_content":"520 mm","column_image":""},{"column_content":"6,2 kg","column_image":""}]},{"columns":[{"column_content":"","column_image":543},{"column_content":"156","column_image":""},{"column_content":"510 mm","column_image":""},{"column_content":"450 mm","column_image":""},{"column_content":"945 mm","column_image":""},{"column_content":"410 mm","column_image":""},{"column_content":"390 mm","column_image":""},{"column_content":"620 mm","column_image":""},{"column_content":"6,2 kg","column_image":""}]}]},{"expandable_heading":"Material","advanced_row":false,"allow_favorites":false,"plain_test_content":false,"content":"","row_content":[{"label":"Sits och rygg","value":"Massiv bj\u00f6rk"},{"label":"Stativ","value":"Pulverlackerat st\u00e5lstativ"}],"advance_row_content":null},{"expandable_heading":"Certifikat","advanced_row":false,"allow_favorites":false,"plain_test_content":false,"content":"","row_content":[{"label":"Testad","value":"EN 1729"}],"advance_row_content":null}],"documents":[{"file":"","link":{"title":"Dwg","url":"https:\/\/catalogs.pcon-solutions.com\/#\/brands\/o-a64c89a3a77c4072993b1349d1a144b6\/catalog?c=c-57349890dcab48a4a7b59354fa84cc83","target":"_blank"}}]},"product_block":null,"full_width_media":{"hide_module":false,"":null,"media_type":"image","media_size":"full","image":"","video":null,"embed_url":"","content_layout":"default","heading":"","content":"","link_target":""},"related_products":{"heading":"Relaterade produkter","products":[291,526,533]},"more_related_products":{"heading":"Funkar bra med...","products":[252,253,254]},"search_keywords":"elevstol\r\nstol med fotpinne\r\n"},"yoast_head":"<!-- This site is optimized with the Yoast SEO plugin v21.6 - https:\/\/yoast.com\/wordpress\/plugins\/seo\/ -->\n<title>Classic 156 - Tran\u00e5s Skolm\u00f6bler<\/title>\n<meta name=\"robots\" content=\"index, follow, max-snippet:-1, max-image-preview:large, max-video-preview:-1\" \/>\n<link rel=\"canonical\" href=\"https:\/\/dev.yellon.se\/sonobrands\/tranas-skolmobler\/product\/classic-156\/\" \/>\n<meta property=\"og:locale\" content=\"en_US\" \/>\n<meta property=\"og:type\" content=\"article\" \/>\n<meta property=\"og:title\" content=\"Classic 156 - Tran\u00e5s Skolm\u00f6bler\" \/>\n<meta property=\"og:url\" content=\"https:\/\/dev.yellon.se\/sonobrands\/tranas-skolmobler\/product\/classic-156\/\" \/>\n<meta property=\"og:site_name\" content=\"Tran\u00e5s Skolm\u00f6bler\" \/>\n<meta property=\"article:modified_time\" content=\"2025-12-10T13:19:44+00:00\" \/>\n<meta name=\"twitter:card\" content=\"summary_large_image\" \/>\n<meta name=\"twitter:label1\" content=\"Est. reading time\" \/>\n\t<meta name=\"twitter:data1\" content=\"4 minutes\" \/>\n<script type=\"application\/ld+json\" class=\"yoast-schema-graph\">{\"@context\":\"https:\/\/schema.org\",\"@graph\":[{\"@type\":\"WebPage\",\"@id\":\"https:\/\/dev.yellon.se\/sonobrands\/tranas-skolmobler\/product\/classic-156\/\",\"url\":\"https:\/\/dev.yellon.se\/sonobrands\/tranas-skolmobler\/product\/classic-156\/\",\"name\":\"Classic 156 - Tran\u00e5s Skolm\u00f6bler\",\"isPartOf\":{\"@id\":\"https:\/\/dev.yellon.se\/sonobrands\/tranas-skolmobler\/#website\"},\"datePublished\":\"2023-06-26T06:43:47+00:00\",\"dateModified\":\"2025-12-10T13:19:44+00:00\",\"breadcrumb\":{\"@id\":\"https:\/\/dev.yellon.se\/sonobrands\/tranas-skolmobler\/product\/classic-156\/#breadcrumb\"},\"inLanguage\":\"en-US\",\"potentialAction\":[{\"@type\":\"ReadAction\",\"target\":[\"https:\/\/dev.yellon.se\/sonobrands\/tranas-skolmobler\/product\/classic-156\/\"]}]},{\"@type\":\"BreadcrumbList\",\"@id\":\"https:\/\/dev.yellon.se\/sonobrands\/tranas-skolmobler\/product\/classic-156\/#breadcrumb\",\"itemListElement\":[{\"@type\":\"ListItem\",\"position\":1,\"name\":\"Home\",\"item\":\"https:\/\/dev.yellon.se\/sonobrands\/tranas-skolmobler\/\"},{\"@type\":\"ListItem\",\"position\":2,\"name\":\"Classic 156\"}]},{\"@type\":\"WebSite\",\"@id\":\"https:\/\/dev.yellon.se\/sonobrands\/tranas-skolmobler\/#website\",\"url\":\"https:\/\/dev.yellon.se\/sonobrands\/tranas-skolmobler\/\",\"name\":\"Tran\u00e5s Skolm\u00f6bler\",\"description\":\"Sono Brands\",\"potentialAction\":[{\"@type\":\"SearchAction\",\"target\":{\"@type\":\"EntryPoint\",\"urlTemplate\":\"https:\/\/dev.yellon.se\/sonobrands\/tranas-skolmobler\/?s={search_term_string}\"},\"query-input\":\"required name=search_term_string\"}],\"inLanguage\":\"en-US\"}]}<\/script>\n<!-- \/ Yoast SEO plugin. -->","yoast_head_json":{"title":"Classic 156 - Tran\u00e5s Skolm\u00f6bler","robots":{"index":"index","follow":"follow","max-snippet":"max-snippet:-1","max-image-preview":"max-image-preview:large","max-video-preview":"max-video-preview:-1"},"canonical":"https:\/\/dev.yellon.se\/sonobrands\/tranas-skolmobler\/product\/classic-156\/","og_locale":"en_US","og_type":"article","og_title":"Classic 156 - Tran\u00e5s Skolm\u00f6bler","og_url":"https:\/\/dev.yellon.se\/sonobrands\/tranas-skolmobler\/product\/classic-156\/","og_site_name":"Tran\u00e5s Skolm\u00f6bler","article_modified_time":"2025-12-10T13:19:44+00:00","twitter_card":"summary_large_image","twitter_misc":{"Est. reading time":"4 minutes"},"schema":{"@context":"https:\/\/schema.org","@graph":[{"@type":"WebPage","@id":"https:\/\/dev.yellon.se\/sonobrands\/tranas-skolmobler\/product\/classic-156\/","url":"https:\/\/dev.yellon.se\/sonobrands\/tranas-skolmobler\/product\/classic-156\/","name":"Classic 156 - Tran\u00e5s Skolm\u00f6bler","isPartOf":{"@id":"https:\/\/dev.yellon.se\/sonobrands\/tranas-skolmobler\/#website"},"datePublished":"2023-06-26T06:43:47+00:00","dateModified":"2025-12-10T13:19:44+00:00","breadcrumb":{"@id":"https:\/\/dev.yellon.se\/sonobrands\/tranas-skolmobler\/product\/classic-156\/#breadcrumb"},"inLanguage":"en-US","potentialAction":[{"@type":"ReadAction","target":["https:\/\/dev.yellon.se\/sonobrands\/tranas-skolmobler\/product\/classic-156\/"]}]},{"@type":"BreadcrumbList","@id":"https:\/\/dev.yellon.se\/sonobrands\/tranas-skolmobler\/product\/classic-156\/#breadcrumb","itemListElement":[{"@type":"ListItem","position":1,"name":"Home","item":"https:\/\/dev.yellon.se\/sonobrands\/tranas-skolmobler\/"},{"@type":"ListItem","position":2,"name":"Classic 156"}]},{"@type":"WebSite","@id":"https:\/\/dev.yellon.se\/sonobrands\/tranas-skolmobler\/#website","url":"https:\/\/dev.yellon.se\/sonobrands\/tranas-skolmobler\/","name":"Tran\u00e5s Skolm\u00f6bler","description":"Sono Brands","potentialAction":[{"@type":"SearchAction","target":{"@type":"EntryPoint","urlTemplate":"https:\/\/dev.yellon.se\/sonobrands\/tranas-skolmobler\/?s={search_term_string}"},"query-input":"required name=search_term_string"}],"inLanguage":"en-US"}]}},"featured_img_src":"https:\/\/dev.yellon.se\/sonobrands\/tranas-skolmobler\/wp-content\/uploads\/2023\/06\/408456_1.jpg","_links":{"self":[{"href":"https:\/\/dev.yellon.se\/sonobrands\/tranas-skolmobler\/wp-json\/wp\/v2\/products\/292"}],"collection":[{"href":"https:\/\/dev.yellon.se\/sonobrands\/tranas-skolmobler\/wp-json\/wp\/v2\/products"}],"about":[{"href":"https:\/\/dev.yellon.se\/sonobrands\/tranas-skolmobler\/wp-json\/wp\/v2\/types\/products"}],"wp:attachment":[{"href":"https:\/\/dev.yellon.se\/sonobrands\/tranas-skolmobler\/wp-json\/wp\/v2\/media?parent=292"}],"wp:term":[{"taxonomy":"product_cat","embeddable":true,"href":"https:\/\/dev.yellon.se\/sonobrands\/tranas-skolmobler\/wp-json\/wp\/v2\/product_cat?post=292"}],"curies":[{"name":"wp","href":"https:\/\/api.w.org\/{rel}","templated":true}]}}