{"id":297,"date":"2023-06-26T10:27:59","date_gmt":"2023-06-26T09:27:59","guid":{"rendered":"http:\/\/sono.local\/?post_type=products&#038;p=297"},"modified":"2025-12-10T15:21:40","modified_gmt":"2025-12-10T13:21:40","slug":"mia-196","status":"publish","type":"products","link":"https:\/\/dev.yellon.se\/sonobrands\/tranas-skolmobler\/product\/mia-196\/","title":{"rendered":"Mia 196"},"content":{"rendered":"","protected":false},"template":"","product_cat":[137,6],"acf":{"enable_advanced_product_template":true,"product_image":{"featured_image":597,"gallery_images":null},"product_description":"Stol Mia 196 med formpressad sits och rygg belagd med laminat. Lackerat st\u00e5lstativ med svetsad fotpinne. Levereras med plastgolvskydd. Rekommenderas som elevstol till h\u00f6gstadiet och gymnasiet.","designer":"","product_data_real":{"expandable_colors":{"order":2,"color_row_heading":"F\u00e4rger","colors":[{"actual_colors_row_heading":"Sits och rygg Bj\u00f6rk, Svart, Vit, Ljusgr\u00e5 laminat","row_colors":[{"image_of_color":1812},{"image_of_color":1814},{"image_of_color":1817},{"image_of_color":1813}]},{"actual_colors_row_heading":"RAL9003, RAL9006, RAL9005","row_colors":[{"image_of_color":1816},{"image_of_color":1815},{"image_of_color":1814}]}]},"expandable_row":[{"expandable_heading":"M\u00e5tt","advanced_row":true,"allow_favorites":false,"plain_test_content":false,"content":"","row_content":[{"label":"Sitsbredd","value":"400 mm"},{"label":"Sitsdjup","value":"400 mm"},{"label":"Sitth\u00f6jd","value":"520\/ 620 mm"},{"label":"Bredd","value":" 465 mm"},{"label":"Djup","value":" 570 mm"},{"label":"H\u00f6jd","value":" 895\/995 mm"},{"label":"Vikt","value":"6,3\/ 6,5 kg"}],"advance_row_content":[{"columns":[{"column_content":"Modell","column_image":""},{"column_content":"Art.nr","column_image":""},{"column_content":"Bredd","column_image":""},{"column_content":"Djup","column_image":""},{"column_content":"H\u00f6jd","column_image":""},{"column_content":"Sitsbredd","column_image":""},{"column_content":"Sitsdjup","column_image":""},{"column_content":"Sitth\u00f6jd","column_image":""},{"column_content":"Vikt","column_image":""}]},{"columns":[{"column_content":"","column_image":596},{"column_content":"196","column_image":""},{"column_content":"465 mm","column_image":""},{"column_content":"570 mm","column_image":""},{"column_content":"895 mm","column_image":""},{"column_content":"400 mm","column_image":""},{"column_content":"400 mm","column_image":""},{"column_content":"520 mm","column_image":""},{"column_content":"6,3 kg","column_image":""}]},{"columns":[{"column_content":"","column_image":596},{"column_content":"196","column_image":""},{"column_content":"465 mm","column_image":""},{"column_content":"570 mm","column_image":""},{"column_content":"995 mm","column_image":""},{"column_content":"400 mm","column_image":""},{"column_content":"400 mm","column_image":""},{"column_content":"620 mm","column_image":""},{"column_content":"6,3 kg","column_image":""}]}]},{"expandable_heading":"Material","advanced_row":false,"allow_favorites":false,"plain_test_content":false,"content":"","row_content":[{"label":"Sits och rygg","value":"H\u00f6gtryckslaminat"},{"label":"Stativ","value":"Pulverlackerat st\u00e5lstativ"}],"advance_row_content":null},{"expandable_heading":"Certifikat","advanced_row":false,"allow_favorites":false,"plain_test_content":false,"content":"","row_content":[{"label":"Tester","value":"EN 1729"}],"advance_row_content":null}],"documents":[{"file":"","link":{"title":"Dwg","url":"https:\/\/catalogs.pcon-solutions.com\/#\/brands\/o-a64c89a3a77c4072993b1349d1a144b6\/catalog?c=c-39d1a90f393f4004b2b9e4c7c3f0227a","target":"_blank"}}]},"product_block":[{"acf_fc_layout":"large_media","media_type":"image","image":603,"embed_url":"","autoplay":false,"video":null,"content":""},{"acf_fc_layout":"large_media","media_type":"image","image":599,"embed_url":"","autoplay":false,"video":null,"content":""},{"acf_fc_layout":"content_block","order":"content-media","heading":"Upph\u00e4ngningsbar","content_background_color":"bg--primary","media_type":"image","embed_url":"","autoplay":false,"video":null,"image":600}],"full_width_media":{"hide_module":false,"":null,"media_type":"image","media_size":"full","image":"","video":null,"embed_url":"","content_layout":"default","heading":"","content":"","link_target":""},"related_products":{"heading":"Relaterade produkter","products":[296,299,229]},"more_related_products":{"heading":"Funkar bra med...","products":[252]},"search_keywords":""},"yoast_head":"<!-- This site is optimized with the Yoast SEO plugin v21.6 - https:\/\/yoast.com\/wordpress\/plugins\/seo\/ -->\n<title>Mia 196 - Tran\u00e5s Skolm\u00f6bler<\/title>\n<meta name=\"robots\" content=\"index, follow, max-snippet:-1, max-image-preview:large, max-video-preview:-1\" \/>\n<link rel=\"canonical\" href=\"https:\/\/dev.yellon.se\/sonobrands\/tranas-skolmobler\/product\/mia-196\/\" \/>\n<meta property=\"og:locale\" content=\"en_US\" \/>\n<meta property=\"og:type\" content=\"article\" \/>\n<meta property=\"og:title\" content=\"Mia 196 - Tran\u00e5s Skolm\u00f6bler\" \/>\n<meta property=\"og:url\" content=\"https:\/\/dev.yellon.se\/sonobrands\/tranas-skolmobler\/product\/mia-196\/\" \/>\n<meta property=\"og:site_name\" content=\"Tran\u00e5s Skolm\u00f6bler\" \/>\n<meta property=\"article:modified_time\" content=\"2025-12-10T13:21:40+00:00\" \/>\n<meta name=\"twitter:card\" content=\"summary_large_image\" \/>\n<meta name=\"twitter:label1\" content=\"Est. reading time\" \/>\n\t<meta name=\"twitter:data1\" content=\"4 minutes\" \/>\n<script type=\"application\/ld+json\" class=\"yoast-schema-graph\">{\"@context\":\"https:\/\/schema.org\",\"@graph\":[{\"@type\":\"WebPage\",\"@id\":\"https:\/\/dev.yellon.se\/sonobrands\/tranas-skolmobler\/product\/mia-196\/\",\"url\":\"https:\/\/dev.yellon.se\/sonobrands\/tranas-skolmobler\/product\/mia-196\/\",\"name\":\"Mia 196 - Tran\u00e5s Skolm\u00f6bler\",\"isPartOf\":{\"@id\":\"https:\/\/dev.yellon.se\/sonobrands\/tranas-skolmobler\/#website\"},\"datePublished\":\"2023-06-26T09:27:59+00:00\",\"dateModified\":\"2025-12-10T13:21:40+00:00\",\"breadcrumb\":{\"@id\":\"https:\/\/dev.yellon.se\/sonobrands\/tranas-skolmobler\/product\/mia-196\/#breadcrumb\"},\"inLanguage\":\"en-US\",\"potentialAction\":[{\"@type\":\"ReadAction\",\"target\":[\"https:\/\/dev.yellon.se\/sonobrands\/tranas-skolmobler\/product\/mia-196\/\"]}]},{\"@type\":\"BreadcrumbList\",\"@id\":\"https:\/\/dev.yellon.se\/sonobrands\/tranas-skolmobler\/product\/mia-196\/#breadcrumb\",\"itemListElement\":[{\"@type\":\"ListItem\",\"position\":1,\"name\":\"Home\",\"item\":\"https:\/\/dev.yellon.se\/sonobrands\/tranas-skolmobler\/\"},{\"@type\":\"ListItem\",\"position\":2,\"name\":\"Mia 196\"}]},{\"@type\":\"WebSite\",\"@id\":\"https:\/\/dev.yellon.se\/sonobrands\/tranas-skolmobler\/#website\",\"url\":\"https:\/\/dev.yellon.se\/sonobrands\/tranas-skolmobler\/\",\"name\":\"Tran\u00e5s Skolm\u00f6bler\",\"description\":\"Sono Brands\",\"potentialAction\":[{\"@type\":\"SearchAction\",\"target\":{\"@type\":\"EntryPoint\",\"urlTemplate\":\"https:\/\/dev.yellon.se\/sonobrands\/tranas-skolmobler\/?s={search_term_string}\"},\"query-input\":\"required name=search_term_string\"}],\"inLanguage\":\"en-US\"}]}<\/script>\n<!-- \/ Yoast SEO plugin. -->","yoast_head_json":{"title":"Mia 196 - Tran\u00e5s Skolm\u00f6bler","robots":{"index":"index","follow":"follow","max-snippet":"max-snippet:-1","max-image-preview":"max-image-preview:large","max-video-preview":"max-video-preview:-1"},"canonical":"https:\/\/dev.yellon.se\/sonobrands\/tranas-skolmobler\/product\/mia-196\/","og_locale":"en_US","og_type":"article","og_title":"Mia 196 - Tran\u00e5s Skolm\u00f6bler","og_url":"https:\/\/dev.yellon.se\/sonobrands\/tranas-skolmobler\/product\/mia-196\/","og_site_name":"Tran\u00e5s Skolm\u00f6bler","article_modified_time":"2025-12-10T13:21:40+00:00","twitter_card":"summary_large_image","twitter_misc":{"Est. reading time":"4 minutes"},"schema":{"@context":"https:\/\/schema.org","@graph":[{"@type":"WebPage","@id":"https:\/\/dev.yellon.se\/sonobrands\/tranas-skolmobler\/product\/mia-196\/","url":"https:\/\/dev.yellon.se\/sonobrands\/tranas-skolmobler\/product\/mia-196\/","name":"Mia 196 - Tran\u00e5s Skolm\u00f6bler","isPartOf":{"@id":"https:\/\/dev.yellon.se\/sonobrands\/tranas-skolmobler\/#website"},"datePublished":"2023-06-26T09:27:59+00:00","dateModified":"2025-12-10T13:21:40+00:00","breadcrumb":{"@id":"https:\/\/dev.yellon.se\/sonobrands\/tranas-skolmobler\/product\/mia-196\/#breadcrumb"},"inLanguage":"en-US","potentialAction":[{"@type":"ReadAction","target":["https:\/\/dev.yellon.se\/sonobrands\/tranas-skolmobler\/product\/mia-196\/"]}]},{"@type":"BreadcrumbList","@id":"https:\/\/dev.yellon.se\/sonobrands\/tranas-skolmobler\/product\/mia-196\/#breadcrumb","itemListElement":[{"@type":"ListItem","position":1,"name":"Home","item":"https:\/\/dev.yellon.se\/sonobrands\/tranas-skolmobler\/"},{"@type":"ListItem","position":2,"name":"Mia 196"}]},{"@type":"WebSite","@id":"https:\/\/dev.yellon.se\/sonobrands\/tranas-skolmobler\/#website","url":"https:\/\/dev.yellon.se\/sonobrands\/tranas-skolmobler\/","name":"Tran\u00e5s Skolm\u00f6bler","description":"Sono Brands","potentialAction":[{"@type":"SearchAction","target":{"@type":"EntryPoint","urlTemplate":"https:\/\/dev.yellon.se\/sonobrands\/tranas-skolmobler\/?s={search_term_string}"},"query-input":"required name=search_term_string"}],"inLanguage":"en-US"}]}},"featured_img_src":"https:\/\/dev.yellon.se\/sonobrands\/tranas-skolmobler\/wp-content\/uploads\/2023\/06\/564646_1.png","_links":{"self":[{"href":"https:\/\/dev.yellon.se\/sonobrands\/tranas-skolmobler\/wp-json\/wp\/v2\/products\/297"}],"collection":[{"href":"https:\/\/dev.yellon.se\/sonobrands\/tranas-skolmobler\/wp-json\/wp\/v2\/products"}],"about":[{"href":"https:\/\/dev.yellon.se\/sonobrands\/tranas-skolmobler\/wp-json\/wp\/v2\/types\/products"}],"wp:attachment":[{"href":"https:\/\/dev.yellon.se\/sonobrands\/tranas-skolmobler\/wp-json\/wp\/v2\/media?parent=297"}],"wp:term":[{"taxonomy":"product_cat","embeddable":true,"href":"https:\/\/dev.yellon.se\/sonobrands\/tranas-skolmobler\/wp-json\/wp\/v2\/product_cat?post=297"}],"curies":[{"name":"wp","href":"https:\/\/api.w.org\/{rel}","templated":true}]}}