{"id":301,"date":"2023-06-22T13:13:08","date_gmt":"2023-06-22T12:13:08","guid":{"rendered":"http:\/\/sono.local\/?post_type=products&#038;p=301"},"modified":"2026-02-17T12:31:14","modified_gmt":"2026-02-17T10:31:14","slug":"strong-250","status":"publish","type":"products","link":"https:\/\/dev.yellon.se\/sonobrands\/tranas-skolmobler\/product\/strong-250\/","title":{"rendered":"Strong 250"},"content":{"rendered":"","protected":false},"template":"","product_cat":[137,6],"acf":{"enable_advanced_product_template":true,"product_image":{"featured_image":519,"gallery_images":null},"product_description":"Stol Strong 250 med formpressad sits och rygg belagd med laminat. Lackerat st\u00e5lstativ. Fotplatta belagd med multifloor, st\u00e4llbar i 3 cm intervaller. Levereras med filtgolvskydd som standard f\u00f6r b\u00e4sta ljudmilj\u00f6. Anpassad f\u00f6r f\u00f6rskola och l\u00e5g-\/mellanstadiet.","designer":"","product_data_real":{"expandable_colors":{"order":2,"color_row_heading":"F\u00e4rger","colors":[{"actual_colors_row_heading":"Sits och rygg Bj\u00f6rklaminat, Svart, Vit, Ljusgr\u00e5 ","row_colors":[{"image_of_color":1812},{"image_of_color":1814},{"image_of_color":1817},{"image_of_color":1813}]},{"actual_colors_row_heading":"Stativ RAL9003, RAL9006, RAL9005 ","row_colors":[{"image_of_color":1806},{"image_of_color":1815},{"image_of_color":1814}]}]},"expandable_row":[{"expandable_heading":"Varianter","advanced_row":true,"allow_favorites":true,"plain_test_content":false,"content":"","row_content":[{"label":"Sitsbredd","value":"350 mm"},{"label":"Sitsdjup","value":" 340 mm"},{"label":"Sitth\u00f6jd","value":"480\/560\/660 mm"},{"label":"Bredd","value":" 440 mm"},{"label":"Djup","value":" 500 mm"},{"label":"H\u00f6jd","value":" 777\/857\/957 mm"},{"label":"Vikt","value":" 3,8\/4\/4,2 kg"}],"advance_row_content":[{"columns":[{"column_content":"Variant","column_image":""},{"column_content":"Bredd","column_image":""},{"column_content":"Djup","column_image":""},{"column_content":"H\u00f6jd","column_image":""},{"column_content":"Sbredd","column_image":""},{"column_content":"Sdjup","column_image":""},{"column_content":"Sh\u00f6jd","column_image":""},{"column_content":"Vikt","column_image":""}]},{"columns":[{"column_content":"250 ","column_image":519},{"column_content":"440","column_image":""},{"column_content":"500","column_image":""},{"column_content":"777","column_image":""},{"column_content":"350","column_image":""},{"column_content":"340","column_image":""},{"column_content":"480","column_image":""},{"column_content":"3,8 kg","column_image":""}]},{"columns":[{"column_content":"250","column_image":1940},{"column_content":"440","column_image":""},{"column_content":"500","column_image":""},{"column_content":"857","column_image":""},{"column_content":"350","column_image":""},{"column_content":"340","column_image":""},{"column_content":"560","column_image":""},{"column_content":"4 kg","column_image":""}]},{"columns":[{"column_content":"250","column_image":1941},{"column_content":"440","column_image":""},{"column_content":"500","column_image":""},{"column_content":"957","column_image":""},{"column_content":"350","column_image":""},{"column_content":"340","column_image":""},{"column_content":"660","column_image":""},{"column_content":"4,2 kg","column_image":""}]}]},{"expandable_heading":"Material","advanced_row":false,"allow_favorites":false,"plain_test_content":false,"content":"","row_content":[{"label":"Sits och rygg","value":"H\u00f6gtryckslaminat"},{"label":"Stativ","value":"Pulverlackerat st\u00e5lstativ"},{"label":"Fotplatta","value":"Multifloor"}],"advance_row_content":null},{"expandable_heading":"Certifikat","advanced_row":false,"allow_favorites":false,"plain_test_content":false,"content":"","row_content":[{"label":"Tester","value":"EN 1729"},{"label":"Certifiering","value":"M\u00f6belfakta"}],"advance_row_content":null},{"expandable_heading":"Sk\u00f6tselr\u00e5d","advanced_row":false,"allow_favorites":false,"plain_test_content":true,"content":"<strong>St\u00e5l:<\/strong> Daglig reng\u00f6ring sk\u00f6ts b\u00e4st med en torr eller fuktig trasa. Vid behov, anv\u00e4nd mild milj\u00f6v\u00e4nlig s\u00e5pa. Se alltid till att ytan torkas helt torr. Kom ih\u00e5g att inte anv\u00e4nda reng\u00f6ringsmedel med slipmaterial eller slipande svampar och trasor. Ytor av material som aluminium, rostfritt st\u00e5l, lackerat och f\u00f6rkromat st\u00e5l \u00e4r v\u00e4ldigt motst\u00e5ndskraftiga men kan f\u00f6rst\u00e5s \u00e4nd\u00e5 f\u00e5 fl\u00e4ckar. Vid h\u00e5rt nedsmutsade ytor kan en trasa fuktad med ren alkohol anv\u00e4ndas. Men anv\u00e4nd aldrig l\u00f6sningsmedel p\u00e5 lackerad metall.\r\n\r\n<strong>Laminat:<\/strong> Vid daglig reng\u00f6ring, torka med torr eller l\u00e4tt fuktad trasa och eventuellt milt milj\u00f6v\u00e4nligt reng\u00f6ringsmedel, t.ex. s\u00e5pa. Torka alltid efter med torr trasa. Kom ih\u00e5g att inte anv\u00e4nda reng\u00f6ringsmedel med slipmaterial eller slipande svampar och trasor. Om du r\u00e5kar spilla eller f\u00e5r fl\u00e4ckar fr\u00e5n bl\u00e4ck och vaxkritor kan du prova att ta bort dem med aceton eller T-r\u00f6d. Eftertorka med vatten och milt milj\u00f6v\u00e4nligt reng\u00f6ringsmedel, t.ex. s\u00e5pa, avsluta med att torka torrt.","row_content":null,"advance_row_content":null}],"documents":[{"file":"","link":{"title":"Dwg","url":"https:\/\/catalogs.pcon-solutions.com\/#\/brands\/o-a64c89a3a77c4072993b1349d1a144b6\/catalog?c=c-b479ef6b993840d992879d9f862b3e1b","target":"_blank"}},{"file":"","link":{"title":"M\u00f6belfakta","url":"https:\/\/www.mobelfakta.se\/Details.html?id=4013","target":"_blank"}},{"file":"","link":{"title":"Assembly Instructions \u2013 Footrest","url":"https:\/\/ipaper.ipapercms.dk\/SonoGroup\/tranaas-skolmobler\/monteringsanvisningar\/fotstod-strong\/?page=1","target":"_blank"}},{"file":"","link":{"title":"Strong Svenska","url":"https:\/\/ipaper.ipapercms.dk\/SonoGroup\/tranaas-skolmobler\/strong\/?page=1","target":"_blank"}},{"file":"","link":{"title":"Strong English","url":"https:\/\/ipaper.ipapercms.dk\/SonoGroup\/tranaas-skolmobler\/strong-enlish\/?page=1","target":"_blank"}},{"file":"","link":{"title":"Strong Dansk","url":"https:\/\/ipaper.ipapercms.dk\/SonoGroup\/tranaas-skolmobler\/strong-danska\/","target":"_blank"}},{"file":"","link":{"title":"Strong Norsk","url":"https:\/\/ipaper.ipapercms.dk\/SonoGroup\/tranaas-skolmobler\/strong-norska\/","target":"_blank"}}]},"product_block":[{"acf_fc_layout":"large_media","media_type":"image","image":1740,"embed_url":"","autoplay":false,"video":null,"content":""},{"acf_fc_layout":"content_block","order":"media-content","heading":"St\u00e4llbar fotplatta","content_background_color":"bg--primary","media_type":"image","embed_url":"","autoplay":false,"video":null,"image":522},{"acf_fc_layout":"large_media","media_type":"image","image":521,"embed_url":"","autoplay":false,"video":null,"content":""},{"acf_fc_layout":"large_media","media_type":"image","image":1741,"embed_url":"","autoplay":false,"video":null,"content":""}],"full_width_media":{"hide_module":false,"":null,"media_type":"image","media_size":"full","image":"","video":null,"embed_url":"","content_layout":"default","heading":"","content":"","link_target":""},"related_products":{"heading":"Relaterade produkter","products":[302,303]},"more_related_products":{"heading":"Funkar bra med...","products":[252,253,254,272]},"search_keywords":"stol md fotplatta\r\nelevstol\r\nh\u00f6g stol\r\n"},"yoast_head":"<!-- This site is optimized with the Yoast SEO plugin v21.6 - https:\/\/yoast.com\/wordpress\/plugins\/seo\/ -->\n<title>Strong 250 - Tran\u00e5s Skolm\u00f6bler<\/title>\n<meta name=\"robots\" content=\"index, follow, max-snippet:-1, max-image-preview:large, max-video-preview:-1\" \/>\n<link rel=\"canonical\" href=\"https:\/\/dev.yellon.se\/sonobrands\/tranas-skolmobler\/product\/strong-250\/\" \/>\n<meta property=\"og:locale\" content=\"en_US\" \/>\n<meta property=\"og:type\" content=\"article\" \/>\n<meta property=\"og:title\" content=\"Strong 250 - Tran\u00e5s Skolm\u00f6bler\" \/>\n<meta property=\"og:url\" content=\"https:\/\/dev.yellon.se\/sonobrands\/tranas-skolmobler\/product\/strong-250\/\" \/>\n<meta property=\"og:site_name\" content=\"Tran\u00e5s Skolm\u00f6bler\" \/>\n<meta property=\"article:modified_time\" content=\"2026-02-17T10:31:14+00:00\" \/>\n<meta name=\"twitter:card\" content=\"summary_large_image\" \/>\n<meta name=\"twitter:label1\" content=\"Est. reading time\" \/>\n\t<meta name=\"twitter:data1\" content=\"5 minutes\" \/>\n<script type=\"application\/ld+json\" class=\"yoast-schema-graph\">{\"@context\":\"https:\/\/schema.org\",\"@graph\":[{\"@type\":\"WebPage\",\"@id\":\"https:\/\/dev.yellon.se\/sonobrands\/tranas-skolmobler\/product\/strong-250\/\",\"url\":\"https:\/\/dev.yellon.se\/sonobrands\/tranas-skolmobler\/product\/strong-250\/\",\"name\":\"Strong 250 - Tran\u00e5s Skolm\u00f6bler\",\"isPartOf\":{\"@id\":\"https:\/\/dev.yellon.se\/sonobrands\/tranas-skolmobler\/#website\"},\"datePublished\":\"2023-06-22T12:13:08+00:00\",\"dateModified\":\"2026-02-17T10:31:14+00:00\",\"breadcrumb\":{\"@id\":\"https:\/\/dev.yellon.se\/sonobrands\/tranas-skolmobler\/product\/strong-250\/#breadcrumb\"},\"inLanguage\":\"en-US\",\"potentialAction\":[{\"@type\":\"ReadAction\",\"target\":[\"https:\/\/dev.yellon.se\/sonobrands\/tranas-skolmobler\/product\/strong-250\/\"]}]},{\"@type\":\"BreadcrumbList\",\"@id\":\"https:\/\/dev.yellon.se\/sonobrands\/tranas-skolmobler\/product\/strong-250\/#breadcrumb\",\"itemListElement\":[{\"@type\":\"ListItem\",\"position\":1,\"name\":\"Home\",\"item\":\"https:\/\/dev.yellon.se\/sonobrands\/tranas-skolmobler\/\"},{\"@type\":\"ListItem\",\"position\":2,\"name\":\"Strong 250\"}]},{\"@type\":\"WebSite\",\"@id\":\"https:\/\/dev.yellon.se\/sonobrands\/tranas-skolmobler\/#website\",\"url\":\"https:\/\/dev.yellon.se\/sonobrands\/tranas-skolmobler\/\",\"name\":\"Tran\u00e5s Skolm\u00f6bler\",\"description\":\"Sono Brands\",\"potentialAction\":[{\"@type\":\"SearchAction\",\"target\":{\"@type\":\"EntryPoint\",\"urlTemplate\":\"https:\/\/dev.yellon.se\/sonobrands\/tranas-skolmobler\/?s={search_term_string}\"},\"query-input\":\"required name=search_term_string\"}],\"inLanguage\":\"en-US\"}]}<\/script>\n<!-- \/ Yoast SEO plugin. -->","yoast_head_json":{"title":"Strong 250 - Tran\u00e5s Skolm\u00f6bler","robots":{"index":"index","follow":"follow","max-snippet":"max-snippet:-1","max-image-preview":"max-image-preview:large","max-video-preview":"max-video-preview:-1"},"canonical":"https:\/\/dev.yellon.se\/sonobrands\/tranas-skolmobler\/product\/strong-250\/","og_locale":"en_US","og_type":"article","og_title":"Strong 250 - Tran\u00e5s Skolm\u00f6bler","og_url":"https:\/\/dev.yellon.se\/sonobrands\/tranas-skolmobler\/product\/strong-250\/","og_site_name":"Tran\u00e5s Skolm\u00f6bler","article_modified_time":"2026-02-17T10:31:14+00:00","twitter_card":"summary_large_image","twitter_misc":{"Est. reading time":"5 minutes"},"schema":{"@context":"https:\/\/schema.org","@graph":[{"@type":"WebPage","@id":"https:\/\/dev.yellon.se\/sonobrands\/tranas-skolmobler\/product\/strong-250\/","url":"https:\/\/dev.yellon.se\/sonobrands\/tranas-skolmobler\/product\/strong-250\/","name":"Strong 250 - Tran\u00e5s Skolm\u00f6bler","isPartOf":{"@id":"https:\/\/dev.yellon.se\/sonobrands\/tranas-skolmobler\/#website"},"datePublished":"2023-06-22T12:13:08+00:00","dateModified":"2026-02-17T10:31:14+00:00","breadcrumb":{"@id":"https:\/\/dev.yellon.se\/sonobrands\/tranas-skolmobler\/product\/strong-250\/#breadcrumb"},"inLanguage":"en-US","potentialAction":[{"@type":"ReadAction","target":["https:\/\/dev.yellon.se\/sonobrands\/tranas-skolmobler\/product\/strong-250\/"]}]},{"@type":"BreadcrumbList","@id":"https:\/\/dev.yellon.se\/sonobrands\/tranas-skolmobler\/product\/strong-250\/#breadcrumb","itemListElement":[{"@type":"ListItem","position":1,"name":"Home","item":"https:\/\/dev.yellon.se\/sonobrands\/tranas-skolmobler\/"},{"@type":"ListItem","position":2,"name":"Strong 250"}]},{"@type":"WebSite","@id":"https:\/\/dev.yellon.se\/sonobrands\/tranas-skolmobler\/#website","url":"https:\/\/dev.yellon.se\/sonobrands\/tranas-skolmobler\/","name":"Tran\u00e5s Skolm\u00f6bler","description":"Sono Brands","potentialAction":[{"@type":"SearchAction","target":{"@type":"EntryPoint","urlTemplate":"https:\/\/dev.yellon.se\/sonobrands\/tranas-skolmobler\/?s={search_term_string}"},"query-input":"required name=search_term_string"}],"inLanguage":"en-US"}]}},"featured_img_src":"https:\/\/dev.yellon.se\/sonobrands\/tranas-skolmobler\/wp-content\/uploads\/2023\/06\/421692_1.png","_links":{"self":[{"href":"https:\/\/dev.yellon.se\/sonobrands\/tranas-skolmobler\/wp-json\/wp\/v2\/products\/301"}],"collection":[{"href":"https:\/\/dev.yellon.se\/sonobrands\/tranas-skolmobler\/wp-json\/wp\/v2\/products"}],"about":[{"href":"https:\/\/dev.yellon.se\/sonobrands\/tranas-skolmobler\/wp-json\/wp\/v2\/types\/products"}],"wp:attachment":[{"href":"https:\/\/dev.yellon.se\/sonobrands\/tranas-skolmobler\/wp-json\/wp\/v2\/media?parent=301"}],"wp:term":[{"taxonomy":"product_cat","embeddable":true,"href":"https:\/\/dev.yellon.se\/sonobrands\/tranas-skolmobler\/wp-json\/wp\/v2\/product_cat?post=301"}],"curies":[{"name":"wp","href":"https:\/\/api.w.org\/{rel}","templated":true}]}}