{"id":314,"date":"2023-06-27T14:49:30","date_gmt":"2023-06-27T13:49:30","guid":{"rendered":"http:\/\/sono.local\/?post_type=products&#038;p=314"},"modified":"2025-12-10T15:26:52","modified_gmt":"2025-12-10T13:26:52","slug":"tittut","status":"publish","type":"products","link":"https:\/\/dev.yellon.se\/sonobrands\/tranas-skolmobler\/product\/tittut\/","title":{"rendered":"Tittut"},"content":{"rendered":"","protected":false},"template":"","product_cat":[10,160,9],"acf":{"enable_advanced_product_template":true,"product_image":{"featured_image":764,"gallery_images":[{"image":1119},{"image":1120},{"image":1116},{"image":1117},{"image":1118},{"image":1121},{"image":1122},{"image":1123}]},"product_description":"Lekfull f\u00e5t\u00f6lj och soffa med h\u00f6g rygg med m\u00f6jlighet till att kika ut genom \u201d\u00f6gat\u201d p\u00e5 sidorna. Lackerat st\u00e5lstativ, helkl\u00e4dd stomme och sits med stoppning av kallskum, fast kl\u00e4dsel. Knapph\u00e4ftad kudde. Finns som barnf\u00e5t\u00f6lj, f\u00e5t\u00f6lj och 2-sits soffa. Kommer med nylongolvskydd.\r\n<div class=\"product attribute description text-green mt-3\">\r\n<div class=\"value\"><\/div>\r\n<\/div>","designer":"Peter Andersson","product_data_real":{"expandable_colors":{"order":2,"color_row_heading":"F\u00e4rger","colors":[{"actual_colors_row_heading":"RAL9003, RAL9006, RAL9005, RAL5009, RAL6034","row_colors":[{"image_of_color":1816},{"image_of_color":1815},{"image_of_color":1814},{"image_of_color":1801},{"image_of_color":1800}]},{"actual_colors_row_heading":"RAL6021, RAL1018, RAL6015, RAL7043, RAL3016","row_colors":[{"image_of_color":1802},{"image_of_color":1803},{"image_of_color":1804},{"image_of_color":1805},{"image_of_color":1807}]}]},"expandable_row":[{"expandable_heading":"Varianter","advanced_row":true,"allow_favorites":true,"plain_test_content":false,"content":"","row_content":[{"label":"Bredd","value":"760\/160 mm"},{"label":"Djup","value":"770 mm"},{"label":"H\u00f6jd","value":"1150\/1280 mm"},{"label":"Sitth\u00f6jd","value":"440 mm"},{"label":"Tyg\u00e5tg\u00e5ng","value":"4,7\/5,3\/7,9 meter"},{"label":"tyg\u00e5tg\u00e5ng kudde","value":"0,6 meter"}],"advance_row_content":[{"columns":[{"column_content":"Variant","column_image":""},{"column_content":"Bredd","column_image":""},{"column_content":"Djup","column_image":""},{"column_content":"H\u00f6jd","column_image":""},{"column_content":"Sh\u00f6jd","column_image":""},{"column_content":"Tyg\u00e5tg","column_image":""},{"column_content":"Tyg\u00e5tg kudde","column_image":""},{"column_content":"Vikt","column_image":""}]},{"columns":[{"column_content":"","column_image":1116},{"column_content":"760 mm","column_image":""},{"column_content":"770 mm","column_image":""},{"column_content":"1150 mm","column_image":""},{"column_content":"440 mm","column_image":""},{"column_content":"4,7 m","column_image":""},{"column_content":"0,6 m","column_image":""},{"column_content":"30 kg ","column_image":""}]},{"columns":[{"column_content":"","column_image":1119},{"column_content":"760 mm","column_image":""},{"column_content":"770 mm","column_image":""},{"column_content":"1280 mm","column_image":""},{"column_content":"440 mm","column_image":""},{"column_content":"5,3 m","column_image":""},{"column_content":"0,6 m","column_image":""},{"column_content":"35 kg ","column_image":""}]},{"columns":[{"column_content":"","column_image":1121},{"column_content":"1600 mm","column_image":""},{"column_content":"770 mm","column_image":""},{"column_content":"1280 mm","column_image":""},{"column_content":"440 mm","column_image":""},{"column_content":"7,9 m","column_image":""},{"column_content":"0,6 m","column_image":""},{"column_content":"55 kg","column_image":""}]}]},{"expandable_heading":"Material","advanced_row":false,"allow_favorites":false,"plain_test_content":false,"content":"","row_content":[{"label":"Sits och rygg","value":"Textil kl\u00e4dd kallskum"},{"label":"Stativ","value":"Pulverlackerat st\u00e5lstativ"}],"advance_row_content":null},{"expandable_heading":"Certifikat","advanced_row":false,"allow_favorites":false,"plain_test_content":false,"content":"","row_content":[{"label":"Tester","value":"EN 16139"},{"label":"Certifiering","value":"M\u00f6belfakta"}],"advance_row_content":null}],"documents":[{"file":"","link":{"title":"Dwg","url":"https:\/\/catalogs.pcon-solutions.com\/#\/brands\/o-a64c89a3a77c4072993b1349d1a144b6\/catalog?c=c-387335f031294fff9808222f4c00b110","target":"_blank"}},{"file":"","link":{"title":"M\u00f6belfakta","url":"https:\/\/www.mobelfakta.se\/Details.html?id=4065","target":"_blank"}},{"file":"","link":{"title":"Broschyr Tittut och Tittin","url":"https:\/\/ipaper.ipapercms.dk\/SonoGroup\/tranaas-skolmobler\/tittut-tittin\/","target":"_blank"}}]},"product_block":[{"acf_fc_layout":"large_media","media_type":"image","image":761,"embed_url":"","autoplay":false,"video":null,"content":""},{"acf_fc_layout":"large_media","media_type":"image","image":1901,"embed_url":"","autoplay":false,"video":null,"content":""},{"acf_fc_layout":"content_block","order":"content-media","heading":"Lekfull detalj","content_background_color":"bg--primary","media_type":"image","embed_url":"","autoplay":false,"video":null,"image":2521},{"acf_fc_layout":"large_media","media_type":"image","image":1322,"embed_url":"","autoplay":false,"video":null,"content":""},{"acf_fc_layout":"content_block","order":"media-content","heading":"P\u00e5 kontoret eller f\u00f6rskolan ","content_background_color":"bg--primary","media_type":"image","embed_url":"","autoplay":false,"video":null,"image":1319},{"acf_fc_layout":"large_media","media_type":"image","image":2522,"embed_url":"","autoplay":false,"video":null,"content":""}],"full_width_media":{"hide_module":false,"":null,"media_type":"image","media_size":"full","image":"","video":null,"embed_url":"","content_layout":"default","heading":"","content":"","link_target":""},"related_products":{"heading":"Relaterade produkter","products":[313]},"more_related_products":{"heading":"Funkar bra med...","products":[682,288]},"search_keywords":"2201\r\n2211\r\n2212\r\nbarnf\u00e5t\u00f6lj\r\nf\u00e5t\u00f6lj\r\nsoffa\r\ntittin"},"yoast_head":"<!-- This site is optimized with the Yoast SEO plugin v21.6 - https:\/\/yoast.com\/wordpress\/plugins\/seo\/ -->\n<title>Tittut - Tran\u00e5s Skolm\u00f6bler<\/title>\n<meta name=\"robots\" content=\"index, follow, max-snippet:-1, max-image-preview:large, max-video-preview:-1\" \/>\n<link rel=\"canonical\" href=\"https:\/\/dev.yellon.se\/sonobrands\/tranas-skolmobler\/product\/tittut\/\" \/>\n<meta property=\"og:locale\" content=\"en_US\" \/>\n<meta property=\"og:type\" content=\"article\" \/>\n<meta property=\"og:title\" content=\"Tittut - Tran\u00e5s Skolm\u00f6bler\" \/>\n<meta property=\"og:url\" content=\"https:\/\/dev.yellon.se\/sonobrands\/tranas-skolmobler\/product\/tittut\/\" \/>\n<meta property=\"og:site_name\" content=\"Tran\u00e5s Skolm\u00f6bler\" \/>\n<meta property=\"article:modified_time\" content=\"2025-12-10T13:26:52+00:00\" \/>\n<meta name=\"twitter:card\" content=\"summary_large_image\" \/>\n<meta name=\"twitter:label1\" content=\"Est. reading time\" \/>\n\t<meta name=\"twitter:data1\" content=\"7 minutes\" \/>\n<script type=\"application\/ld+json\" class=\"yoast-schema-graph\">{\"@context\":\"https:\/\/schema.org\",\"@graph\":[{\"@type\":\"WebPage\",\"@id\":\"https:\/\/dev.yellon.se\/sonobrands\/tranas-skolmobler\/product\/tittut\/\",\"url\":\"https:\/\/dev.yellon.se\/sonobrands\/tranas-skolmobler\/product\/tittut\/\",\"name\":\"Tittut - Tran\u00e5s Skolm\u00f6bler\",\"isPartOf\":{\"@id\":\"https:\/\/dev.yellon.se\/sonobrands\/tranas-skolmobler\/#website\"},\"datePublished\":\"2023-06-27T13:49:30+00:00\",\"dateModified\":\"2025-12-10T13:26:52+00:00\",\"breadcrumb\":{\"@id\":\"https:\/\/dev.yellon.se\/sonobrands\/tranas-skolmobler\/product\/tittut\/#breadcrumb\"},\"inLanguage\":\"en-US\",\"potentialAction\":[{\"@type\":\"ReadAction\",\"target\":[\"https:\/\/dev.yellon.se\/sonobrands\/tranas-skolmobler\/product\/tittut\/\"]}]},{\"@type\":\"BreadcrumbList\",\"@id\":\"https:\/\/dev.yellon.se\/sonobrands\/tranas-skolmobler\/product\/tittut\/#breadcrumb\",\"itemListElement\":[{\"@type\":\"ListItem\",\"position\":1,\"name\":\"Home\",\"item\":\"https:\/\/dev.yellon.se\/sonobrands\/tranas-skolmobler\/\"},{\"@type\":\"ListItem\",\"position\":2,\"name\":\"Tittut\"}]},{\"@type\":\"WebSite\",\"@id\":\"https:\/\/dev.yellon.se\/sonobrands\/tranas-skolmobler\/#website\",\"url\":\"https:\/\/dev.yellon.se\/sonobrands\/tranas-skolmobler\/\",\"name\":\"Tran\u00e5s Skolm\u00f6bler\",\"description\":\"Sono Brands\",\"potentialAction\":[{\"@type\":\"SearchAction\",\"target\":{\"@type\":\"EntryPoint\",\"urlTemplate\":\"https:\/\/dev.yellon.se\/sonobrands\/tranas-skolmobler\/?s={search_term_string}\"},\"query-input\":\"required name=search_term_string\"}],\"inLanguage\":\"en-US\"}]}<\/script>\n<!-- \/ Yoast SEO plugin. -->","yoast_head_json":{"title":"Tittut - Tran\u00e5s Skolm\u00f6bler","robots":{"index":"index","follow":"follow","max-snippet":"max-snippet:-1","max-image-preview":"max-image-preview:large","max-video-preview":"max-video-preview:-1"},"canonical":"https:\/\/dev.yellon.se\/sonobrands\/tranas-skolmobler\/product\/tittut\/","og_locale":"en_US","og_type":"article","og_title":"Tittut - Tran\u00e5s Skolm\u00f6bler","og_url":"https:\/\/dev.yellon.se\/sonobrands\/tranas-skolmobler\/product\/tittut\/","og_site_name":"Tran\u00e5s Skolm\u00f6bler","article_modified_time":"2025-12-10T13:26:52+00:00","twitter_card":"summary_large_image","twitter_misc":{"Est. reading time":"7 minutes"},"schema":{"@context":"https:\/\/schema.org","@graph":[{"@type":"WebPage","@id":"https:\/\/dev.yellon.se\/sonobrands\/tranas-skolmobler\/product\/tittut\/","url":"https:\/\/dev.yellon.se\/sonobrands\/tranas-skolmobler\/product\/tittut\/","name":"Tittut - Tran\u00e5s Skolm\u00f6bler","isPartOf":{"@id":"https:\/\/dev.yellon.se\/sonobrands\/tranas-skolmobler\/#website"},"datePublished":"2023-06-27T13:49:30+00:00","dateModified":"2025-12-10T13:26:52+00:00","breadcrumb":{"@id":"https:\/\/dev.yellon.se\/sonobrands\/tranas-skolmobler\/product\/tittut\/#breadcrumb"},"inLanguage":"en-US","potentialAction":[{"@type":"ReadAction","target":["https:\/\/dev.yellon.se\/sonobrands\/tranas-skolmobler\/product\/tittut\/"]}]},{"@type":"BreadcrumbList","@id":"https:\/\/dev.yellon.se\/sonobrands\/tranas-skolmobler\/product\/tittut\/#breadcrumb","itemListElement":[{"@type":"ListItem","position":1,"name":"Home","item":"https:\/\/dev.yellon.se\/sonobrands\/tranas-skolmobler\/"},{"@type":"ListItem","position":2,"name":"Tittut"}]},{"@type":"WebSite","@id":"https:\/\/dev.yellon.se\/sonobrands\/tranas-skolmobler\/#website","url":"https:\/\/dev.yellon.se\/sonobrands\/tranas-skolmobler\/","name":"Tran\u00e5s Skolm\u00f6bler","description":"Sono Brands","potentialAction":[{"@type":"SearchAction","target":{"@type":"EntryPoint","urlTemplate":"https:\/\/dev.yellon.se\/sonobrands\/tranas-skolmobler\/?s={search_term_string}"},"query-input":"required name=search_term_string"}],"inLanguage":"en-US"}]}},"featured_img_src":"https:\/\/dev.yellon.se\/sonobrands\/tranas-skolmobler\/wp-content\/uploads\/2023\/06\/1sits1.png","_links":{"self":[{"href":"https:\/\/dev.yellon.se\/sonobrands\/tranas-skolmobler\/wp-json\/wp\/v2\/products\/314"}],"collection":[{"href":"https:\/\/dev.yellon.se\/sonobrands\/tranas-skolmobler\/wp-json\/wp\/v2\/products"}],"about":[{"href":"https:\/\/dev.yellon.se\/sonobrands\/tranas-skolmobler\/wp-json\/wp\/v2\/types\/products"}],"wp:attachment":[{"href":"https:\/\/dev.yellon.se\/sonobrands\/tranas-skolmobler\/wp-json\/wp\/v2\/media?parent=314"}],"wp:term":[{"taxonomy":"product_cat","embeddable":true,"href":"https:\/\/dev.yellon.se\/sonobrands\/tranas-skolmobler\/wp-json\/wp\/v2\/product_cat?post=314"}],"curies":[{"name":"wp","href":"https:\/\/api.w.org\/{rel}","templated":true}]}}