{"id":817,"date":"2023-06-29T10:03:26","date_gmt":"2023-06-29T09:03:26","guid":{"rendered":"https:\/\/dev.yellon.se\/sonobrands\/tranas-skolmobler\/?post_type=products&#038;p=817"},"modified":"2026-02-13T11:08:00","modified_gmt":"2026-02-13T09:08:00","slug":"mans","status":"publish","type":"products","link":"https:\/\/dev.yellon.se\/sonobrands\/tranas-skolmobler\/product\/mans\/","title":{"rendered":"M\u00e5ns"},"content":{"rendered":"","protected":false},"template":"","product_cat":[12],"acf":{"enable_advanced_product_template":true,"product_image":{"featured_image":818,"gallery_images":[{"image":2047},{"image":2048}]},"product_description":"M\u00e5ns kl\u00e4df\u00f6rvaring med kl\u00e4dst\u00e5ng, ankarkrokar, fack f\u00f6r vantar, sittb\u00e4nk och skohylla. G\u00e5r att f\u00f6rse med lucka samt l\u00e5s till lucka.\r\nFinns 2, 3 och 4 platser i bredd. M\u00e5ns g\u00e5r ocks\u00e5 att f\u00e5 tv\u00e5delad. Sitth\u00f6jd p\u00e5 sittb\u00e4nken \u00e4r <span class=\"ui-provider lm bej bek bel bem ben beo bep beq ber bes bet beu bev bew bex bey bez bfa bfb bfc bfd bfe bff bfg bfh bfi bfj bfk bfl bfm bfn bfo bfp bfq\" dir=\"ltr\">404 mm<\/span>","designer":"","product_data_real":{"expandable_colors":{"order":2,"color_row_heading":"F\u00e4rger","colors":[{"actual_colors_row_heading":"Bj\u00f6rk, Vit, Gr\u00e5 laminat","row_colors":[{"image_of_color":1812},{"image_of_color":1817},{"image_of_color":1813}]}]},"expandable_row":[{"expandable_heading":"Modeller","advanced_row":true,"allow_favorites":true,"plain_test_content":false,"content":"","row_content":[{"label":"Bredd","value":"300 mm\/plats "},{"label":"Djup","value":"440 mm"},{"label":"Sitth\u00f6jd","value":"404 mm"},{"label":"H\u00f6jd ","value":"1500 mm"}],"advance_row_content":[{"columns":[{"column_content":"Modell","column_image":""},{"column_content":"Bredd","column_image":""},{"column_content":"Fack bredd","column_image":""},{"column_content":"Sitth\u00f6jd","column_image":""},{"column_content":"Djup","column_image":""},{"column_content":"H\u00f6jd","column_image":""}]},{"columns":[{"column_content":"","column_image":2044},{"column_content":"620 mm","column_image":""},{"column_content":"300 mm","column_image":""},{"column_content":"404 mm","column_image":""},{"column_content":"440 mm","column_image":""},{"column_content":"1500 mm","column_image":""}]},{"columns":[{"column_content":"","column_image":2046},{"column_content":"920 mm","column_image":""},{"column_content":"300 mm","column_image":""},{"column_content":"404 mm","column_image":""},{"column_content":"440 mm","column_image":""},{"column_content":"1500 mm","column_image":""}]},{"columns":[{"column_content":"","column_image":2045},{"column_content":"1220 mm","column_image":""},{"column_content":"300 mm","column_image":""},{"column_content":"404 mm","column_image":""},{"column_content":"440 mm","column_image":""},{"column_content":"1500 mm","column_image":""}]}]},{"expandable_heading":"Material","advanced_row":false,"allow_favorites":false,"plain_test_content":false,"content":"","row_content":[{"label":"Stomme","value":"Vit, gr\u00e5 eller bj\u00f6rklaminat"},{"label":"Luckor","value":"Vit, gr\u00e5 eller bj\u00f6rklaminat"}],"advance_row_content":null},{"expandable_heading":"Certifikat","advanced_row":false,"allow_favorites":false,"plain_test_content":false,"content":"","row_content":[{"label":"Tester","value":"EN 16121"},{"label":"Certifikat","value":"M\u00f6belfakta"}],"advance_row_content":null}],"documents":[{"file":"","link":{"title":"M\u00f6belfakta","url":"https:\/\/www.mobelfakta.se\/Details.html?id=1919","target":"_blank"}},{"file":"","link":{"title":"Dwg","url":"https:\/\/catalogs.pcon-solutions.com\/#\/brands\/o-a64c89a3a77c4072993b1349d1a144b6\/catalog?c=c-8224402928ce46b88f1c7bd60e445c39","target":"_blank"}},{"file":"","link":{"title":"M\u00e5ns Svenska","url":"https:\/\/ipaper.ipapercms.dk\/SonoGroup\/tranaas-skolmobler\/maans-svenska\/","target":"_blank"}},{"file":"","link":{"title":"M\u00e5ns English","url":"https:\/\/ipaper.ipapercms.dk\/SonoGroup\/tranaas-skolmobler\/maans-english\/","target":"_blank"}},{"file":"","link":{"title":"M\u00e5ns Norsk","url":"https:\/\/ipaper.ipapercms.dk\/SonoGroup\/tranaas-skolmobler\/maans-norska\/","target":"_blank"}},{"file":"","link":{"title":"M\u00e5ns Dansk","url":"https:\/\/ipaper.ipapercms.dk\/SonoGroup\/tranaas-skolmobler\/maans-danska\/","target":"_blank"}}]},"product_block":[{"acf_fc_layout":"large_media","media_type":"image","image":1713,"embed_url":"","autoplay":false,"video":null,"content":""},{"acf_fc_layout":"content_block","order":"content-media","heading":"Ett utrymme f\u00f6r kompisar","content_background_color":"bg--primary","media_type":"image","embed_url":"","autoplay":false,"video":null,"image":1715}],"full_width_media":{"hide_module":false,"":null,"media_type":"image","media_size":"full","image":"","video":null,"embed_url":"","content_layout":"default","heading":"","content":"","link_target":""},"related_products":{"heading":"Relaterade produkter","products":[797]},"more_related_products":{"heading":"Funkar bra med...","products":[778]},"search_keywords":"F302\r\nF303\r\nF304\r\nkapprumsinredning\r\nkl\u00e4df\u00f6rvaring\r\nlaminat\r\nsittb\u00e4nk\r\nskohylla\r\n"},"yoast_head":"<!-- This site is optimized with the Yoast SEO plugin v21.6 - https:\/\/yoast.com\/wordpress\/plugins\/seo\/ -->\n<title>M\u00e5ns - Tran\u00e5s Skolm\u00f6bler<\/title>\n<meta name=\"robots\" content=\"index, follow, max-snippet:-1, max-image-preview:large, max-video-preview:-1\" \/>\n<link rel=\"canonical\" href=\"https:\/\/dev.yellon.se\/sonobrands\/tranas-skolmobler\/product\/mans\/\" \/>\n<meta property=\"og:locale\" content=\"en_US\" \/>\n<meta property=\"og:type\" content=\"article\" \/>\n<meta property=\"og:title\" content=\"M\u00e5ns - Tran\u00e5s Skolm\u00f6bler\" \/>\n<meta property=\"og:url\" content=\"https:\/\/dev.yellon.se\/sonobrands\/tranas-skolmobler\/product\/mans\/\" \/>\n<meta property=\"og:site_name\" content=\"Tran\u00e5s Skolm\u00f6bler\" \/>\n<meta property=\"article:modified_time\" content=\"2026-02-13T09:08:00+00:00\" \/>\n<meta name=\"twitter:card\" content=\"summary_large_image\" \/>\n<meta name=\"twitter:label1\" content=\"Est. reading time\" \/>\n\t<meta name=\"twitter:data1\" content=\"3 minutes\" \/>\n<script type=\"application\/ld+json\" class=\"yoast-schema-graph\">{\"@context\":\"https:\/\/schema.org\",\"@graph\":[{\"@type\":\"WebPage\",\"@id\":\"https:\/\/dev.yellon.se\/sonobrands\/tranas-skolmobler\/product\/mans\/\",\"url\":\"https:\/\/dev.yellon.se\/sonobrands\/tranas-skolmobler\/product\/mans\/\",\"name\":\"M\u00e5ns - Tran\u00e5s Skolm\u00f6bler\",\"isPartOf\":{\"@id\":\"https:\/\/dev.yellon.se\/sonobrands\/tranas-skolmobler\/#website\"},\"datePublished\":\"2023-06-29T09:03:26+00:00\",\"dateModified\":\"2026-02-13T09:08:00+00:00\",\"breadcrumb\":{\"@id\":\"https:\/\/dev.yellon.se\/sonobrands\/tranas-skolmobler\/product\/mans\/#breadcrumb\"},\"inLanguage\":\"en-US\",\"potentialAction\":[{\"@type\":\"ReadAction\",\"target\":[\"https:\/\/dev.yellon.se\/sonobrands\/tranas-skolmobler\/product\/mans\/\"]}]},{\"@type\":\"BreadcrumbList\",\"@id\":\"https:\/\/dev.yellon.se\/sonobrands\/tranas-skolmobler\/product\/mans\/#breadcrumb\",\"itemListElement\":[{\"@type\":\"ListItem\",\"position\":1,\"name\":\"Home\",\"item\":\"https:\/\/dev.yellon.se\/sonobrands\/tranas-skolmobler\/\"},{\"@type\":\"ListItem\",\"position\":2,\"name\":\"M\u00e5ns\"}]},{\"@type\":\"WebSite\",\"@id\":\"https:\/\/dev.yellon.se\/sonobrands\/tranas-skolmobler\/#website\",\"url\":\"https:\/\/dev.yellon.se\/sonobrands\/tranas-skolmobler\/\",\"name\":\"Tran\u00e5s Skolm\u00f6bler\",\"description\":\"Sono Brands\",\"potentialAction\":[{\"@type\":\"SearchAction\",\"target\":{\"@type\":\"EntryPoint\",\"urlTemplate\":\"https:\/\/dev.yellon.se\/sonobrands\/tranas-skolmobler\/?s={search_term_string}\"},\"query-input\":\"required name=search_term_string\"}],\"inLanguage\":\"en-US\"}]}<\/script>\n<!-- \/ Yoast SEO plugin. -->","yoast_head_json":{"title":"M\u00e5ns - Tran\u00e5s Skolm\u00f6bler","robots":{"index":"index","follow":"follow","max-snippet":"max-snippet:-1","max-image-preview":"max-image-preview:large","max-video-preview":"max-video-preview:-1"},"canonical":"https:\/\/dev.yellon.se\/sonobrands\/tranas-skolmobler\/product\/mans\/","og_locale":"en_US","og_type":"article","og_title":"M\u00e5ns - Tran\u00e5s Skolm\u00f6bler","og_url":"https:\/\/dev.yellon.se\/sonobrands\/tranas-skolmobler\/product\/mans\/","og_site_name":"Tran\u00e5s Skolm\u00f6bler","article_modified_time":"2026-02-13T09:08:00+00:00","twitter_card":"summary_large_image","twitter_misc":{"Est. reading time":"3 minutes"},"schema":{"@context":"https:\/\/schema.org","@graph":[{"@type":"WebPage","@id":"https:\/\/dev.yellon.se\/sonobrands\/tranas-skolmobler\/product\/mans\/","url":"https:\/\/dev.yellon.se\/sonobrands\/tranas-skolmobler\/product\/mans\/","name":"M\u00e5ns - Tran\u00e5s Skolm\u00f6bler","isPartOf":{"@id":"https:\/\/dev.yellon.se\/sonobrands\/tranas-skolmobler\/#website"},"datePublished":"2023-06-29T09:03:26+00:00","dateModified":"2026-02-13T09:08:00+00:00","breadcrumb":{"@id":"https:\/\/dev.yellon.se\/sonobrands\/tranas-skolmobler\/product\/mans\/#breadcrumb"},"inLanguage":"en-US","potentialAction":[{"@type":"ReadAction","target":["https:\/\/dev.yellon.se\/sonobrands\/tranas-skolmobler\/product\/mans\/"]}]},{"@type":"BreadcrumbList","@id":"https:\/\/dev.yellon.se\/sonobrands\/tranas-skolmobler\/product\/mans\/#breadcrumb","itemListElement":[{"@type":"ListItem","position":1,"name":"Home","item":"https:\/\/dev.yellon.se\/sonobrands\/tranas-skolmobler\/"},{"@type":"ListItem","position":2,"name":"M\u00e5ns"}]},{"@type":"WebSite","@id":"https:\/\/dev.yellon.se\/sonobrands\/tranas-skolmobler\/#website","url":"https:\/\/dev.yellon.se\/sonobrands\/tranas-skolmobler\/","name":"Tran\u00e5s Skolm\u00f6bler","description":"Sono Brands","potentialAction":[{"@type":"SearchAction","target":{"@type":"EntryPoint","urlTemplate":"https:\/\/dev.yellon.se\/sonobrands\/tranas-skolmobler\/?s={search_term_string}"},"query-input":"required name=search_term_string"}],"inLanguage":"en-US"}]}},"featured_img_src":"https:\/\/dev.yellon.se\/sonobrands\/tranas-skolmobler\/wp-content\/uploads\/2023\/06\/Mans_4sektioner_3.jpg","_links":{"self":[{"href":"https:\/\/dev.yellon.se\/sonobrands\/tranas-skolmobler\/wp-json\/wp\/v2\/products\/817"}],"collection":[{"href":"https:\/\/dev.yellon.se\/sonobrands\/tranas-skolmobler\/wp-json\/wp\/v2\/products"}],"about":[{"href":"https:\/\/dev.yellon.se\/sonobrands\/tranas-skolmobler\/wp-json\/wp\/v2\/types\/products"}],"wp:attachment":[{"href":"https:\/\/dev.yellon.se\/sonobrands\/tranas-skolmobler\/wp-json\/wp\/v2\/media?parent=817"}],"wp:term":[{"taxonomy":"product_cat","embeddable":true,"href":"https:\/\/dev.yellon.se\/sonobrands\/tranas-skolmobler\/wp-json\/wp\/v2\/product_cat?post=817"}],"curies":[{"name":"wp","href":"https:\/\/api.w.org\/{rel}","templated":true}]}}